{"version":"1.0","provider_name":"Puerto Rico Community Foundation","provider_url":"https:\/\/www.fcpr.org\/en","author_name":"fundacionadmin","author_url":"https:\/\/www.fcpr.org\/en\/author\/fundacionadmin\/","title":"Pol\u00edtica de Privacidad","type":"rich","width":600,"height":338,"html":"<blockquote class=\"wp-embedded-content\" data-secret=\"iqD5XrsfKR\"><a href=\"https:\/\/www.fcpr.org\/en\/politica-de-privacidad\/\">Privacy Policy<\/a><\/blockquote><iframe sandbox=\"allow-scripts\" security=\"restricted\" src=\"https:\/\/www.fcpr.org\/en\/politica-de-privacidad\/embed\/#?secret=iqD5XrsfKR\" width=\"600\" height=\"338\" title=\"&#8220;Pol\u00edtica de Privacidad&#8221; &#8212; Fundaci\u00f3n Comunitaria de Puerto Rico\" data-secret=\"iqD5XrsfKR\" frameborder=\"0\" marginwidth=\"0\" marginheight=\"0\" scrolling=\"no\" class=\"wp-embedded-content\"><\/iframe><script>\n\/*! This file is auto-generated *\/\n!function(d,l){\"use strict\";l.querySelector&&d.addEventListener&&\"undefined\"!=typeof URL&&(d.wp=d.wp||{},d.wp.receiveEmbedMessage||(d.wp.receiveEmbedMessage=function(e){var t=e.data;if((t||t.secret||t.message||t.value)&&!\/[^a-zA-Z0-9]\/.test(t.secret)){for(var s,r,n,a=l.querySelectorAll('iframe[data-secret=\"'+t.secret+'\"]'),o=l.querySelectorAll('blockquote[data-secret=\"'+t.secret+'\"]'),c=new RegExp(\"^https?:$\",\"i\"),i=0;i<o.length;i++)o[i].style.display=\"none\";for(i=0;i<a.length;i++)s=a[i],e.source===s.contentWindow&&(s.removeAttribute(\"style\"),\"height\"===t.message?(1e3<(r=parseInt(t.value,10))?r=1e3:~~r<200&&(r=200),s.height=r):\"link\"===t.message&&(r=new URL(s.getAttribute(\"src\")),n=new URL(t.value),c.test(n.protocol))&&n.host===r.host&&l.activeElement===s&&(d.top.location.href=t.value))}},d.addEventListener(\"message\",d.wp.receiveEmbedMessage,!1),l.addEventListener(\"DOMContentLoaded\",function(){for(var e,t,s=l.querySelectorAll(\"iframe.wp-embedded-content\"),r=0;r<s.length;r++)(t=(e=s[r]).getAttribute(\"data-secret\"))||(t=Math.random().toString(36).substring(2,12),e.src+=\"#?secret=\"+t,e.setAttribute(\"data-secret\",t)),e.contentWindow.postMessage({message:\"ready\",secret:t},\"*\")},!1)))}(window,document);\n\/\/# sourceURL=https:\/\/www.fcpr.org\/wp-includes\/js\/wp-embed.min.js\n<\/script>","description":"Pol\u00edtica de Privacidad y de Protecci\u00f3n de Datos Personales: Para usar y acceder a nuestra p\u00e1gina cibern\u00e9tica, no es necesario que los usuarios compartan informaci\u00f3n personal.\u00a0 Sin embargo, en aquellos casos donde el usuario desee proveernos con sus datos personales, nuestra p\u00e1gina cibern\u00e9tica est\u00e1 dise\u00f1ada para proteger su informaci\u00f3n personal con el prop\u00f3sito de que [&hellip;]"}