{"id":17951,"date":"2025-06-12T17:11:32","date_gmt":"2025-06-12T21:11:32","guid":{"rendered":"https:\/\/www.fcpr.org\/wp-content\/uploads\/2025\/06\/Coord.-Paz-p-la-Mujer-trabajos-del-Centro-Paz-para-Ti.jpg"},"modified":"2025-06-12T17:19:45","modified_gmt":"2025-06-12T21:19:45","slug":"coord-paz-p-la-mujer-trabajos-del-centro-paz-para-ti","status":"inherit","type":"attachment","link":"https:\/\/www.fcpr.org\/en\/bosquemodelo-economiaverde\/coord-paz-p-la-mujer-trabajos-del-centro-paz-para-ti\/","title":{"rendered":"Coord. Paz p la Mujer &#8211; trabajos del Centro Paz para T\u00ed"},"author":7,"featured_media":0,"comment_status":"closed","ping_status":"closed","template":"","meta":{"give_campaign_id":0},"class_list":["post-17951","attachment","type-attachment","status-inherit","hentry"],"yoast_head":"<!-- This site is optimized with the Yoast SEO Premium plugin v27.5 (Yoast SEO v27.5) - https:\/\/yoast.com\/product\/yoast-seo-premium-wordpress\/ -->\n<title>Coord. Paz p la Mujer - trabajos del Centro Paz para T\u00ed - Fundaci\u00f3n Comunitaria de Puerto Rico<\/title>\n<meta name=\"robots\" content=\"index, follow, max-snippet:-1, max-image-preview:large, max-video-preview:-1\" \/>\n<link rel=\"canonical\" href=\"https:\/\/www.fcpr.org\/wp-content\/uploads\/2025\/06\/Coord.-Paz-p-la-Mujer-trabajos-del-Centro-Paz-para-Ti-scaled.jpg\" \/>\n<meta property=\"og:locale\" content=\"en_US\" \/>\n<meta property=\"og:type\" content=\"article\" \/>\n<meta property=\"og:title\" content=\"Coord. Paz p la Mujer - trabajos del Centro Paz para T\u00ed - Fundaci\u00f3n Comunitaria de Puerto Rico\" \/>\n<meta property=\"og:description\" content=\"Trabajos del Centro Paz para T\u00ed\" \/>\n<meta property=\"og:url\" content=\"https:\/\/www.fcpr.org\/wp-content\/uploads\/2025\/06\/Coord.-Paz-p-la-Mujer-trabajos-del-Centro-Paz-para-Ti-scaled.jpg\" \/>\n<meta property=\"og:site_name\" content=\"Fundaci\u00f3n Comunitaria de Puerto Rico\" \/>\n<meta property=\"article:publisher\" content=\"https:\/\/www.facebook.com\/FundacionComunitaria\" \/>\n<meta property=\"article:modified_time\" content=\"2025-06-12T21:19:45+00:00\" \/>\n<meta property=\"og:image\" content=\"https:\/\/www.fcpr.org\/wp-content\/uploads\/2025\/06\/Coord.-Paz-p-la-Mujer-trabajos-del-Centro-Paz-para-Ti-scaled.jpg\" \/>\n\t<meta property=\"og:image:width\" content=\"2560\" \/>\n\t<meta property=\"og:image:height\" content=\"1119\" \/>\n\t<meta property=\"og:image:type\" content=\"image\/jpeg\" \/>\n<meta name=\"twitter:card\" content=\"summary_large_image\" \/>\n<meta name=\"twitter:site\" content=\"@FComunitaria\" \/>\n<script type=\"application\/ld+json\" class=\"yoast-schema-graph\">{\"@context\":\"https:\\\/\\\/schema.org\",\"@graph\":[{\"@type\":\"WebPage\",\"@id\":\"https:\\\/\\\/www.fcpr.org\\\/wp-content\\\/uploads\\\/2025\\\/06\\\/Coord.-Paz-p-la-Mujer-trabajos-del-Centro-Paz-para-Ti-scaled.jpg\",\"url\":\"https:\\\/\\\/www.fcpr.org\\\/wp-content\\\/uploads\\\/2025\\\/06\\\/Coord.-Paz-p-la-Mujer-trabajos-del-Centro-Paz-para-Ti-scaled.jpg\",\"name\":\"Coord. Paz p la Mujer - trabajos del Centro Paz para T\u00ed - Fundaci\u00f3n Comunitaria de Puerto Rico\",\"isPartOf\":{\"@id\":\"https:\\\/\\\/www.fcpr.org\\\/#website\"},\"datePublished\":\"2025-06-12T21:11:32+00:00\",\"dateModified\":\"2025-06-12T21:19:45+00:00\",\"breadcrumb\":{\"@id\":\"https:\\\/\\\/www.fcpr.org\\\/wp-content\\\/uploads\\\/2025\\\/06\\\/Coord.-Paz-p-la-Mujer-trabajos-del-Centro-Paz-para-Ti-scaled.jpg#breadcrumb\"},\"inLanguage\":\"en-US\",\"potentialAction\":[{\"@type\":\"ReadAction\",\"target\":[\"https:\\\/\\\/www.fcpr.org\\\/wp-content\\\/uploads\\\/2025\\\/06\\\/Coord.-Paz-p-la-Mujer-trabajos-del-Centro-Paz-para-Ti-scaled.jpg\"]}]},{\"@type\":\"BreadcrumbList\",\"@id\":\"https:\\\/\\\/www.fcpr.org\\\/wp-content\\\/uploads\\\/2025\\\/06\\\/Coord.-Paz-p-la-Mujer-trabajos-del-Centro-Paz-para-Ti-scaled.jpg#breadcrumb\",\"itemListElement\":[{\"@type\":\"ListItem\",\"position\":1,\"name\":\"Home\",\"item\":\"https:\\\/\\\/www.fcpr.org\\\/\"},{\"@type\":\"ListItem\",\"position\":2,\"name\":\"Fondo para la Conservaci\u00f3n y Desarrollo Sostenible del Bosque Modelo de Puerto Rico apoya iniciativas impulsadoras hacia una econom\u00eda verde\",\"item\":\"https:\\\/\\\/www.fcpr.org\\\/bosquemodelo-economiaverde\\\/\"},{\"@type\":\"ListItem\",\"position\":3,\"name\":\"Coord. Paz p la Mujer &#8211; trabajos del Centro Paz para T\u00ed\"}]},{\"@type\":\"WebSite\",\"@id\":\"https:\\\/\\\/www.fcpr.org\\\/#website\",\"url\":\"https:\\\/\\\/www.fcpr.org\\\/\",\"name\":\"Fundaci\u00f3n Comunitaria de Puerto Rico\",\"description\":\"Fortaleciendo el Capital Comunitario\",\"publisher\":{\"@id\":\"https:\\\/\\\/www.fcpr.org\\\/#organization\"},\"potentialAction\":[{\"@type\":\"SearchAction\",\"target\":{\"@type\":\"EntryPoint\",\"urlTemplate\":\"https:\\\/\\\/www.fcpr.org\\\/?s={search_term_string}\"},\"query-input\":{\"@type\":\"PropertyValueSpecification\",\"valueRequired\":true,\"valueName\":\"search_term_string\"}}],\"inLanguage\":\"en-US\"},{\"@type\":\"Organization\",\"@id\":\"https:\\\/\\\/www.fcpr.org\\\/#organization\",\"name\":\"Fundaci\u00f3n Comunitaria de Puerto Rico\",\"url\":\"https:\\\/\\\/www.fcpr.org\\\/\",\"logo\":{\"@type\":\"ImageObject\",\"inLanguage\":\"en-US\",\"@id\":\"https:\\\/\\\/www.fcpr.org\\\/#\\\/schema\\\/logo\\\/image\\\/\",\"url\":\"https:\\\/\\\/www.fcpr.org\\\/wp-content\\\/uploads\\\/2016\\\/08\\\/logo-corp-red.png\",\"contentUrl\":\"https:\\\/\\\/www.fcpr.org\\\/wp-content\\\/uploads\\\/2016\\\/08\\\/logo-corp-red.png\",\"width\":221,\"height\":32,\"caption\":\"Fundaci\u00f3n Comunitaria de Puerto Rico\"},\"image\":{\"@id\":\"https:\\\/\\\/www.fcpr.org\\\/#\\\/schema\\\/logo\\\/image\\\/\"},\"sameAs\":[\"https:\\\/\\\/www.facebook.com\\\/FundacionComunitaria\",\"https:\\\/\\\/x.com\\\/FComunitaria\",\"https:\\\/\\\/www.instagram.com\\\/fundacioncomunitaria\\\/\",\"https:\\\/\\\/www.youtube.com\\\/channel\\\/UCGGW21eIGw6NRin0BrylmWg\"]}]}<\/script>\n<!-- \/ Yoast SEO Premium plugin. -->","yoast_head_json":{"title":"Coord. Paz p la Mujer - trabajos del Centro Paz para T\u00ed - Fundaci\u00f3n Comunitaria de Puerto Rico","robots":{"index":"index","follow":"follow","max-snippet":"max-snippet:-1","max-image-preview":"max-image-preview:large","max-video-preview":"max-video-preview:-1"},"canonical":"https:\/\/www.fcpr.org\/wp-content\/uploads\/2025\/06\/Coord.-Paz-p-la-Mujer-trabajos-del-Centro-Paz-para-Ti-scaled.jpg","og_locale":"en_US","og_type":"article","og_title":"Coord. Paz p la Mujer - trabajos del Centro Paz para T\u00ed - Fundaci\u00f3n Comunitaria de Puerto Rico","og_description":"Trabajos del Centro Paz para T\u00ed","og_url":"https:\/\/www.fcpr.org\/wp-content\/uploads\/2025\/06\/Coord.-Paz-p-la-Mujer-trabajos-del-Centro-Paz-para-Ti-scaled.jpg","og_site_name":"Fundaci\u00f3n Comunitaria de Puerto Rico","article_publisher":"https:\/\/www.facebook.com\/FundacionComunitaria","article_modified_time":"2025-06-12T21:19:45+00:00","og_image":[{"width":2560,"height":1119,"url":"https:\/\/www.fcpr.org\/wp-content\/uploads\/2025\/06\/Coord.-Paz-p-la-Mujer-trabajos-del-Centro-Paz-para-Ti-scaled.jpg","type":"image\/jpeg"}],"twitter_card":"summary_large_image","twitter_site":"@FComunitaria","schema":{"@context":"https:\/\/schema.org","@graph":[{"@type":"WebPage","@id":"https:\/\/www.fcpr.org\/wp-content\/uploads\/2025\/06\/Coord.-Paz-p-la-Mujer-trabajos-del-Centro-Paz-para-Ti-scaled.jpg","url":"https:\/\/www.fcpr.org\/wp-content\/uploads\/2025\/06\/Coord.-Paz-p-la-Mujer-trabajos-del-Centro-Paz-para-Ti-scaled.jpg","name":"Coord. Paz p la Mujer - trabajos del Centro Paz para T\u00ed - Fundaci\u00f3n Comunitaria de Puerto Rico","isPartOf":{"@id":"https:\/\/www.fcpr.org\/#website"},"datePublished":"2025-06-12T21:11:32+00:00","dateModified":"2025-06-12T21:19:45+00:00","breadcrumb":{"@id":"https:\/\/www.fcpr.org\/wp-content\/uploads\/2025\/06\/Coord.-Paz-p-la-Mujer-trabajos-del-Centro-Paz-para-Ti-scaled.jpg#breadcrumb"},"inLanguage":"en-US","potentialAction":[{"@type":"ReadAction","target":["https:\/\/www.fcpr.org\/wp-content\/uploads\/2025\/06\/Coord.-Paz-p-la-Mujer-trabajos-del-Centro-Paz-para-Ti-scaled.jpg"]}]},{"@type":"BreadcrumbList","@id":"https:\/\/www.fcpr.org\/wp-content\/uploads\/2025\/06\/Coord.-Paz-p-la-Mujer-trabajos-del-Centro-Paz-para-Ti-scaled.jpg#breadcrumb","itemListElement":[{"@type":"ListItem","position":1,"name":"Home","item":"https:\/\/www.fcpr.org\/"},{"@type":"ListItem","position":2,"name":"Fondo para la Conservaci\u00f3n y Desarrollo Sostenible del Bosque Modelo de Puerto Rico apoya iniciativas impulsadoras hacia una econom\u00eda verde","item":"https:\/\/www.fcpr.org\/bosquemodelo-economiaverde\/"},{"@type":"ListItem","position":3,"name":"Coord. Paz p la Mujer &#8211; trabajos del Centro Paz para T\u00ed"}]},{"@type":"WebSite","@id":"https:\/\/www.fcpr.org\/#website","url":"https:\/\/www.fcpr.org\/","name":"Puerto Rico Community Foundation","description":"Strengthening Community Capital","publisher":{"@id":"https:\/\/www.fcpr.org\/#organization"},"potentialAction":[{"@type":"SearchAction","target":{"@type":"EntryPoint","urlTemplate":"https:\/\/www.fcpr.org\/?s={search_term_string}"},"query-input":{"@type":"PropertyValueSpecification","valueRequired":true,"valueName":"search_term_string"}}],"inLanguage":"en-US"},{"@type":"Organization","@id":"https:\/\/www.fcpr.org\/#organization","name":"Puerto Rico Community Foundation","url":"https:\/\/www.fcpr.org\/","logo":{"@type":"ImageObject","inLanguage":"en-US","@id":"https:\/\/www.fcpr.org\/#\/schema\/logo\/image\/","url":"https:\/\/www.fcpr.org\/wp-content\/uploads\/2016\/08\/logo-corp-red.png","contentUrl":"https:\/\/www.fcpr.org\/wp-content\/uploads\/2016\/08\/logo-corp-red.png","width":221,"height":32,"caption":"Fundaci\u00f3n Comunitaria de Puerto Rico"},"image":{"@id":"https:\/\/www.fcpr.org\/#\/schema\/logo\/image\/"},"sameAs":["https:\/\/www.facebook.com\/FundacionComunitaria","https:\/\/x.com\/FComunitaria","https:\/\/www.instagram.com\/fundacioncomunitaria\/","https:\/\/www.youtube.com\/channel\/UCGGW21eIGw6NRin0BrylmWg"]}]}},"description":{"rendered":"<p class=\"attachment\"><a href='https:\/\/www.fcpr.org\/wp-content\/uploads\/2025\/06\/Coord.-Paz-p-la-Mujer-trabajos-del-Centro-Paz-para-Ti-scaled.jpg'><img loading=\"lazy\" decoding=\"async\" width=\"300\" height=\"131\" src=\"https:\/\/www.fcpr.org\/wp-content\/uploads\/2025\/06\/Coord.-Paz-p-la-Mujer-trabajos-del-Centro-Paz-para-Ti-300x131.jpg\" class=\"attachment-medium size-medium\" alt=\"\" srcset=\"https:\/\/www.fcpr.org\/wp-content\/uploads\/2025\/06\/Coord.-Paz-p-la-Mujer-trabajos-del-Centro-Paz-para-Ti-300x131.jpg 300w, https:\/\/www.fcpr.org\/wp-content\/uploads\/2025\/06\/Coord.-Paz-p-la-Mujer-trabajos-del-Centro-Paz-para-Ti-1024x448.jpg 1024w, https:\/\/www.fcpr.org\/wp-content\/uploads\/2025\/06\/Coord.-Paz-p-la-Mujer-trabajos-del-Centro-Paz-para-Ti-768x336.jpg 768w, https:\/\/www.fcpr.org\/wp-content\/uploads\/2025\/06\/Coord.-Paz-p-la-Mujer-trabajos-del-Centro-Paz-para-Ti-1536x671.jpg 1536w, https:\/\/www.fcpr.org\/wp-content\/uploads\/2025\/06\/Coord.-Paz-p-la-Mujer-trabajos-del-Centro-Paz-para-Ti-2048x895.jpg 2048w\" sizes=\"auto, (max-width: 300px) 100vw, 300px\" \/><\/a><\/p>\n"},"caption":{"rendered":"<p>Trabajos del Centro Paz para T\u00ed<\/p>\n"},"alt_text":"","media_type":"image","mime_type":"image\/jpeg","media_details":{"width":2560,"height":1119,"file":"2025\/06\/Coord.-Paz-p-la-Mujer-trabajos-del-Centro-Paz-para-Ti-scaled.jpg","filesize":410338,"sizes":{"medium":{"file":"Coord.-Paz-p-la-Mujer-trabajos-del-Centro-Paz-para-Ti-300x131.jpg","width":300,"height":131,"filesize":12188,"mime_type":"image\/jpeg","source_url":"https:\/\/www.fcpr.org\/wp-content\/uploads\/2025\/06\/Coord.-Paz-p-la-Mujer-trabajos-del-Centro-Paz-para-Ti-300x131.jpg"},"large":{"file":"Coord.-Paz-p-la-Mujer-trabajos-del-Centro-Paz-para-Ti-1024x448.jpg","width":1024,"height":448,"filesize":82720,"mime_type":"image\/jpeg","source_url":"https:\/\/www.fcpr.org\/wp-content\/uploads\/2025\/06\/Coord.-Paz-p-la-Mujer-trabajos-del-Centro-Paz-para-Ti-1024x448.jpg"},"thumbnail":{"file":"Coord.-Paz-p-la-Mujer-trabajos-del-Centro-Paz-para-Ti-150x150.jpg","width":150,"height":150,"filesize":7855,"mime_type":"image\/jpeg","source_url":"https:\/\/www.fcpr.org\/wp-content\/uploads\/2025\/06\/Coord.-Paz-p-la-Mujer-trabajos-del-Centro-Paz-para-Ti-150x150.jpg"},"medium_large":{"file":"Coord.-Paz-p-la-Mujer-trabajos-del-Centro-Paz-para-Ti-768x336.jpg","width":768,"height":336,"filesize":51067,"mime_type":"image\/jpeg","source_url":"https:\/\/www.fcpr.org\/wp-content\/uploads\/2025\/06\/Coord.-Paz-p-la-Mujer-trabajos-del-Centro-Paz-para-Ti-768x336.jpg"},"1536x1536":{"file":"Coord.-Paz-p-la-Mujer-trabajos-del-Centro-Paz-para-Ti-1536x671.jpg","width":1536,"height":671,"filesize":165440,"mime_type":"image\/jpeg","source_url":"https:\/\/www.fcpr.org\/wp-content\/uploads\/2025\/06\/Coord.-Paz-p-la-Mujer-trabajos-del-Centro-Paz-para-Ti-1536x671.jpg"},"2048x2048":{"file":"Coord.-Paz-p-la-Mujer-trabajos-del-Centro-Paz-para-Ti-2048x895.jpg","width":2048,"height":895,"filesize":274243,"mime_type":"image\/jpeg","source_url":"https:\/\/www.fcpr.org\/wp-content\/uploads\/2025\/06\/Coord.-Paz-p-la-Mujer-trabajos-del-Centro-Paz-para-Ti-2048x895.jpg"},"full":{"file":"Coord.-Paz-p-la-Mujer-trabajos-del-Centro-Paz-para-Ti-scaled.jpg","width":2560,"height":1119,"mime_type":"image\/jpeg","source_url":"https:\/\/www.fcpr.org\/wp-content\/uploads\/2025\/06\/Coord.-Paz-p-la-Mujer-trabajos-del-Centro-Paz-para-Ti-scaled.jpg"}},"image_meta":{"aperture":"1.8","credit":"","camera":"Galaxy A54 5G","caption":"","created_timestamp":"1726833664","copyright":"","focal_length":"5.54","iso":"64","shutter_speed":"0.0083333333333333","title":"","orientation":"0","keywords":[]},"original_image":"Coord.-Paz-p-la-Mujer-trabajos-del-Centro-Paz-para-Ti.jpg"},"post":17933,"source_url":"https:\/\/www.fcpr.org\/wp-content\/uploads\/2025\/06\/Coord.-Paz-p-la-Mujer-trabajos-del-Centro-Paz-para-Ti-scaled.jpg","_links":{"self":[{"href":"https:\/\/www.fcpr.org\/en\/wp-json\/wp\/v2\/media\/17951","targetHints":{"allow":["GET"]}}],"collection":[{"href":"https:\/\/www.fcpr.org\/en\/wp-json\/wp\/v2\/media"}],"about":[{"href":"https:\/\/www.fcpr.org\/en\/wp-json\/wp\/v2\/types\/attachment"}],"author":[{"embeddable":true,"href":"https:\/\/www.fcpr.org\/en\/wp-json\/wp\/v2\/users\/7"}],"wp:attached-to":[{"embeddable":true,"post_type":"post","id":17933,"href":"https:\/\/www.fcpr.org\/en\/wp-json\/wp\/v2\/posts\/17933"}],"curies":[{"name":"wp","href":"https:\/\/api.w.org\/{rel}","templated":true}]}}