{"id":5270,"date":"2019-01-22T18:42:34","date_gmt":"2019-01-22T18:42:34","guid":{"rendered":"https:\/\/fcpr.org\/wp-content\/uploads\/2019\/01\/Taller-CDBG-web.jpg"},"modified":"2020-06-04T14:39:12","modified_gmt":"2020-06-04T14:39:12","slug":"taller-cdbg-web","status":"inherit","type":"attachment","link":"https:\/\/www.fcpr.org\/en\/nueva-red-fortalecera-organizaciones-sin-fines-de-lucro-en-puerto-rico-para-acelerar-la-recuperacion-tras-el-paso-del-huracan-maria-y-atender-las-necesidades-comunitarias-con-mayor-eficacia\/taller-cdbg-web\/","title":{"rendered":"Taller CDBG web"},"author":1,"featured_media":0,"comment_status":"open","ping_status":"closed","template":"","meta":{"give_campaign_id":0},"class_list":["post-5270","attachment","type-attachment","status-inherit","hentry"],"yoast_head":"<!-- This site is optimized with the Yoast SEO Premium plugin v27.5 (Yoast SEO v27.5) - https:\/\/yoast.com\/product\/yoast-seo-premium-wordpress\/ -->\n<title>Taller CDBG web - Fundaci\u00f3n Comunitaria de Puerto Rico<\/title>\n<meta name=\"robots\" content=\"index, follow, max-snippet:-1, max-image-preview:large, max-video-preview:-1\" \/>\n<link rel=\"canonical\" href=\"https:\/\/www.fcpr.org\/wp-content\/uploads\/2019\/01\/Taller-CDBG-web.jpg\" \/>\n<meta property=\"og:locale\" content=\"en_US\" \/>\n<meta property=\"og:type\" content=\"article\" \/>\n<meta property=\"og:title\" content=\"Taller CDBG web - Fundaci\u00f3n Comunitaria de Puerto Rico\" \/>\n<meta property=\"og:description\" content=\"Archivo\" \/>\n<meta property=\"og:url\" content=\"https:\/\/www.fcpr.org\/wp-content\/uploads\/2019\/01\/Taller-CDBG-web.jpg\" \/>\n<meta property=\"og:site_name\" content=\"Fundaci\u00f3n Comunitaria de Puerto Rico\" \/>\n<meta property=\"article:publisher\" content=\"https:\/\/www.facebook.com\/FundacionComunitaria\" \/>\n<meta property=\"article:modified_time\" content=\"2020-06-04T14:39:12+00:00\" \/>\n<meta property=\"og:image\" content=\"https:\/\/www.fcpr.org\/wp-content\/uploads\/2019\/01\/Taller-CDBG-web.jpg\" \/>\n\t<meta property=\"og:image:width\" content=\"1930\" \/>\n\t<meta property=\"og:image:height\" content=\"1200\" \/>\n\t<meta property=\"og:image:type\" content=\"image\/jpeg\" \/>\n<meta name=\"twitter:card\" content=\"summary_large_image\" \/>\n<meta name=\"twitter:site\" content=\"@FComunitaria\" \/>\n<script type=\"application\/ld+json\" class=\"yoast-schema-graph\">{\"@context\":\"https:\\\/\\\/schema.org\",\"@graph\":[{\"@type\":\"WebPage\",\"@id\":\"https:\\\/\\\/www.fcpr.org\\\/wp-content\\\/uploads\\\/2019\\\/01\\\/Taller-CDBG-web.jpg\",\"url\":\"https:\\\/\\\/www.fcpr.org\\\/wp-content\\\/uploads\\\/2019\\\/01\\\/Taller-CDBG-web.jpg\",\"name\":\"Taller CDBG web - Fundaci\u00f3n Comunitaria de Puerto Rico\",\"isPartOf\":{\"@id\":\"https:\\\/\\\/www.fcpr.org\\\/#website\"},\"datePublished\":\"2019-01-22T18:42:34+00:00\",\"dateModified\":\"2020-06-04T14:39:12+00:00\",\"breadcrumb\":{\"@id\":\"https:\\\/\\\/www.fcpr.org\\\/wp-content\\\/uploads\\\/2019\\\/01\\\/Taller-CDBG-web.jpg#breadcrumb\"},\"inLanguage\":\"en-US\",\"potentialAction\":[{\"@type\":\"ReadAction\",\"target\":[\"https:\\\/\\\/www.fcpr.org\\\/wp-content\\\/uploads\\\/2019\\\/01\\\/Taller-CDBG-web.jpg\"]}]},{\"@type\":\"BreadcrumbList\",\"@id\":\"https:\\\/\\\/www.fcpr.org\\\/wp-content\\\/uploads\\\/2019\\\/01\\\/Taller-CDBG-web.jpg#breadcrumb\",\"itemListElement\":[{\"@type\":\"ListItem\",\"position\":1,\"name\":\"Home\",\"item\":\"https:\\\/\\\/www.fcpr.org\\\/\"},{\"@type\":\"ListItem\",\"position\":2,\"name\":\"Nueva red fortalecer\u00e1 organizaciones sin fines de lucro en Puerto Rico para acelerar la recuperaci\u00f3n tras el paso del hurac\u00e1n Mar\u00eda y atender las necesidades comunitarias con mayor eficacia\",\"item\":\"https:\\\/\\\/www.fcpr.org\\\/nueva-red-fortalecera-organizaciones-sin-fines-de-lucro-en-puerto-rico-para-acelerar-la-recuperacion-tras-el-paso-del-huracan-maria-y-atender-las-necesidades-comunitarias-con-mayor-eficacia\\\/\"},{\"@type\":\"ListItem\",\"position\":3,\"name\":\"Taller CDBG web\"}]},{\"@type\":\"WebSite\",\"@id\":\"https:\\\/\\\/www.fcpr.org\\\/#website\",\"url\":\"https:\\\/\\\/www.fcpr.org\\\/\",\"name\":\"Fundaci\u00f3n Comunitaria de Puerto Rico\",\"description\":\"Fortaleciendo el Capital Comunitario\",\"publisher\":{\"@id\":\"https:\\\/\\\/www.fcpr.org\\\/#organization\"},\"potentialAction\":[{\"@type\":\"SearchAction\",\"target\":{\"@type\":\"EntryPoint\",\"urlTemplate\":\"https:\\\/\\\/www.fcpr.org\\\/?s={search_term_string}\"},\"query-input\":{\"@type\":\"PropertyValueSpecification\",\"valueRequired\":true,\"valueName\":\"search_term_string\"}}],\"inLanguage\":\"en-US\"},{\"@type\":\"Organization\",\"@id\":\"https:\\\/\\\/www.fcpr.org\\\/#organization\",\"name\":\"Fundaci\u00f3n Comunitaria de Puerto Rico\",\"url\":\"https:\\\/\\\/www.fcpr.org\\\/\",\"logo\":{\"@type\":\"ImageObject\",\"inLanguage\":\"en-US\",\"@id\":\"https:\\\/\\\/www.fcpr.org\\\/#\\\/schema\\\/logo\\\/image\\\/\",\"url\":\"https:\\\/\\\/www.fcpr.org\\\/wp-content\\\/uploads\\\/2016\\\/08\\\/logo-corp-red.png\",\"contentUrl\":\"https:\\\/\\\/www.fcpr.org\\\/wp-content\\\/uploads\\\/2016\\\/08\\\/logo-corp-red.png\",\"width\":221,\"height\":32,\"caption\":\"Fundaci\u00f3n Comunitaria de Puerto Rico\"},\"image\":{\"@id\":\"https:\\\/\\\/www.fcpr.org\\\/#\\\/schema\\\/logo\\\/image\\\/\"},\"sameAs\":[\"https:\\\/\\\/www.facebook.com\\\/FundacionComunitaria\",\"https:\\\/\\\/x.com\\\/FComunitaria\",\"https:\\\/\\\/www.instagram.com\\\/fundacioncomunitaria\\\/\",\"https:\\\/\\\/www.youtube.com\\\/channel\\\/UCGGW21eIGw6NRin0BrylmWg\"]}]}<\/script>\n<!-- \/ Yoast SEO Premium plugin. -->","yoast_head_json":{"title":"Taller CDBG web - Fundaci\u00f3n Comunitaria de Puerto Rico","robots":{"index":"index","follow":"follow","max-snippet":"max-snippet:-1","max-image-preview":"max-image-preview:large","max-video-preview":"max-video-preview:-1"},"canonical":"https:\/\/www.fcpr.org\/wp-content\/uploads\/2019\/01\/Taller-CDBG-web.jpg","og_locale":"en_US","og_type":"article","og_title":"Taller CDBG web - Fundaci\u00f3n Comunitaria de Puerto Rico","og_description":"Archivo","og_url":"https:\/\/www.fcpr.org\/wp-content\/uploads\/2019\/01\/Taller-CDBG-web.jpg","og_site_name":"Fundaci\u00f3n Comunitaria de Puerto Rico","article_publisher":"https:\/\/www.facebook.com\/FundacionComunitaria","article_modified_time":"2020-06-04T14:39:12+00:00","og_image":[{"width":1930,"height":1200,"url":"https:\/\/www.fcpr.org\/wp-content\/uploads\/2019\/01\/Taller-CDBG-web.jpg","type":"image\/jpeg"}],"twitter_card":"summary_large_image","twitter_site":"@FComunitaria","schema":{"@context":"https:\/\/schema.org","@graph":[{"@type":"WebPage","@id":"https:\/\/www.fcpr.org\/wp-content\/uploads\/2019\/01\/Taller-CDBG-web.jpg","url":"https:\/\/www.fcpr.org\/wp-content\/uploads\/2019\/01\/Taller-CDBG-web.jpg","name":"Taller CDBG web - Fundaci\u00f3n Comunitaria de Puerto Rico","isPartOf":{"@id":"https:\/\/www.fcpr.org\/#website"},"datePublished":"2019-01-22T18:42:34+00:00","dateModified":"2020-06-04T14:39:12+00:00","breadcrumb":{"@id":"https:\/\/www.fcpr.org\/wp-content\/uploads\/2019\/01\/Taller-CDBG-web.jpg#breadcrumb"},"inLanguage":"en-US","potentialAction":[{"@type":"ReadAction","target":["https:\/\/www.fcpr.org\/wp-content\/uploads\/2019\/01\/Taller-CDBG-web.jpg"]}]},{"@type":"BreadcrumbList","@id":"https:\/\/www.fcpr.org\/wp-content\/uploads\/2019\/01\/Taller-CDBG-web.jpg#breadcrumb","itemListElement":[{"@type":"ListItem","position":1,"name":"Home","item":"https:\/\/www.fcpr.org\/"},{"@type":"ListItem","position":2,"name":"Nueva red fortalecer\u00e1 organizaciones sin fines de lucro en Puerto Rico para acelerar la recuperaci\u00f3n tras el paso del hurac\u00e1n Mar\u00eda y atender las necesidades comunitarias con mayor eficacia","item":"https:\/\/www.fcpr.org\/nueva-red-fortalecera-organizaciones-sin-fines-de-lucro-en-puerto-rico-para-acelerar-la-recuperacion-tras-el-paso-del-huracan-maria-y-atender-las-necesidades-comunitarias-con-mayor-eficacia\/"},{"@type":"ListItem","position":3,"name":"Taller CDBG web"}]},{"@type":"WebSite","@id":"https:\/\/www.fcpr.org\/#website","url":"https:\/\/www.fcpr.org\/","name":"Puerto Rico Community Foundation","description":"Strengthening Community Capital","publisher":{"@id":"https:\/\/www.fcpr.org\/#organization"},"potentialAction":[{"@type":"SearchAction","target":{"@type":"EntryPoint","urlTemplate":"https:\/\/www.fcpr.org\/?s={search_term_string}"},"query-input":{"@type":"PropertyValueSpecification","valueRequired":true,"valueName":"search_term_string"}}],"inLanguage":"en-US"},{"@type":"Organization","@id":"https:\/\/www.fcpr.org\/#organization","name":"Puerto Rico Community Foundation","url":"https:\/\/www.fcpr.org\/","logo":{"@type":"ImageObject","inLanguage":"en-US","@id":"https:\/\/www.fcpr.org\/#\/schema\/logo\/image\/","url":"https:\/\/www.fcpr.org\/wp-content\/uploads\/2016\/08\/logo-corp-red.png","contentUrl":"https:\/\/www.fcpr.org\/wp-content\/uploads\/2016\/08\/logo-corp-red.png","width":221,"height":32,"caption":"Fundaci\u00f3n Comunitaria de Puerto Rico"},"image":{"@id":"https:\/\/www.fcpr.org\/#\/schema\/logo\/image\/"},"sameAs":["https:\/\/www.facebook.com\/FundacionComunitaria","https:\/\/x.com\/FComunitaria","https:\/\/www.instagram.com\/fundacioncomunitaria\/","https:\/\/www.youtube.com\/channel\/UCGGW21eIGw6NRin0BrylmWg"]}]}},"description":{"rendered":"<p class=\"attachment\"><a href='https:\/\/www.fcpr.org\/wp-content\/uploads\/2019\/01\/Taller-CDBG-web.jpg'><img loading=\"lazy\" decoding=\"async\" width=\"300\" height=\"187\" src=\"https:\/\/www.fcpr.org\/wp-content\/uploads\/2019\/01\/Taller-CDBG-web-300x187.jpg\" class=\"attachment-medium size-medium\" alt=\"\" srcset=\"https:\/\/www.fcpr.org\/wp-content\/uploads\/2019\/01\/Taller-CDBG-web-300x187.jpg 300w, https:\/\/www.fcpr.org\/wp-content\/uploads\/2019\/01\/Taller-CDBG-web-768x478.jpg 768w, https:\/\/www.fcpr.org\/wp-content\/uploads\/2019\/01\/Taller-CDBG-web-1024x637.jpg 1024w, https:\/\/www.fcpr.org\/wp-content\/uploads\/2019\/01\/Taller-CDBG-web.jpg 1930w\" sizes=\"auto, (max-width: 300px) 100vw, 300px\" \/><\/a><\/p>\n"},"caption":{"rendered":"<p>Archivo <\/p>\n"},"alt_text":"","media_type":"image","mime_type":"image\/jpeg","media_details":{"width":1930,"height":1200,"file":"2019\/01\/Taller-CDBG-web.jpg","sizes":{"thumbnail":{"file":"Taller-CDBG-web-150x150.jpg","width":150,"height":150,"mime_type":"image\/jpeg","source_url":"https:\/\/www.fcpr.org\/wp-content\/uploads\/2019\/01\/Taller-CDBG-web-150x150.jpg"},"medium":{"file":"Taller-CDBG-web-300x187.jpg","width":300,"height":187,"mime_type":"image\/jpeg","source_url":"https:\/\/www.fcpr.org\/wp-content\/uploads\/2019\/01\/Taller-CDBG-web-300x187.jpg"},"medium_large":{"file":"Taller-CDBG-web-768x478.jpg","width":768,"height":478,"mime_type":"image\/jpeg","source_url":"https:\/\/www.fcpr.org\/wp-content\/uploads\/2019\/01\/Taller-CDBG-web-768x478.jpg"},"large":{"file":"Taller-CDBG-web-1024x637.jpg","width":1024,"height":637,"mime_type":"image\/jpeg","source_url":"https:\/\/www.fcpr.org\/wp-content\/uploads\/2019\/01\/Taller-CDBG-web-1024x637.jpg"},"catanis_post_thumbnail_size":{"file":"Taller-CDBG-web-465x280.jpg","width":465,"height":280,"mime_type":"image\/jpeg","source_url":"https:\/\/www.fcpr.org\/wp-content\/uploads\/2019\/01\/Taller-CDBG-web-465x280.jpg"},"catanis_portfolio_thumbnail_size":{"file":"Taller-CDBG-web-800x600.jpg","width":800,"height":600,"mime_type":"image\/jpeg","source_url":"https:\/\/www.fcpr.org\/wp-content\/uploads\/2019\/01\/Taller-CDBG-web-800x600.jpg"},"full":{"file":"Taller-CDBG-web.jpg","width":1930,"height":1200,"mime_type":"image\/jpeg","source_url":"https:\/\/www.fcpr.org\/wp-content\/uploads\/2019\/01\/Taller-CDBG-web.jpg"}},"image_meta":{"aperture":"0","credit":"","camera":"","caption":"","created_timestamp":"0","copyright":"","focal_length":"0","iso":"0","shutter_speed":"0","title":"","orientation":"0","keywords":[]}},"post":5269,"source_url":"https:\/\/www.fcpr.org\/wp-content\/uploads\/2019\/01\/Taller-CDBG-web.jpg","_links":{"self":[{"href":"https:\/\/www.fcpr.org\/en\/wp-json\/wp\/v2\/media\/5270","targetHints":{"allow":["GET"]}}],"collection":[{"href":"https:\/\/www.fcpr.org\/en\/wp-json\/wp\/v2\/media"}],"about":[{"href":"https:\/\/www.fcpr.org\/en\/wp-json\/wp\/v2\/types\/attachment"}],"author":[{"embeddable":true,"href":"https:\/\/www.fcpr.org\/en\/wp-json\/wp\/v2\/users\/1"}],"wp:attached-to":[{"embeddable":true,"post_type":"post","id":5269,"href":"https:\/\/www.fcpr.org\/en\/wp-json\/wp\/v2\/posts\/5269"}],"curies":[{"name":"wp","href":"https:\/\/api.w.org\/{rel}","templated":true}]}}