{"id":5709,"date":"2019-04-04T19:34:39","date_gmt":"2019-04-04T19:34:39","guid":{"rendered":"https:\/\/fcpr.org\/wp-content\/uploads\/2019\/04\/CONGRESISTAS-TORO-NEGRO1.jpg"},"modified":"2019-04-04T19:35:30","modified_gmt":"2019-04-04T19:35:30","slug":"congresistas-toro-negro1","status":"inherit","type":"attachment","link":"https:\/\/www.fcpr.org\/en\/fundacion-comunitaria-de-puerto-rico-expondra-en-vistas-publicas-de-energia-ante-el-congreso-de-los-estados-unidos\/congresistas-toro-negro1\/","title":{"rendered":"CONGRESISTAS TORO NEGRO1"},"author":1,"featured_media":0,"comment_status":"open","ping_status":"closed","template":"","meta":{"give_campaign_id":0},"class_list":["post-5709","attachment","type-attachment","status-inherit","hentry"],"yoast_head":"<!-- This site is optimized with the Yoast SEO Premium plugin v27.5 (Yoast SEO v27.5) - https:\/\/yoast.com\/product\/yoast-seo-premium-wordpress\/ -->\n<title>CONGRESISTAS TORO NEGRO1 - Fundaci\u00f3n Comunitaria de Puerto Rico<\/title>\n<meta name=\"robots\" content=\"index, follow, max-snippet:-1, max-image-preview:large, max-video-preview:-1\" \/>\n<link rel=\"canonical\" href=\"https:\/\/www.fcpr.org\/wp-content\/uploads\/2019\/04\/CONGRESISTAS-TORO-NEGRO1.jpg\" \/>\n<meta property=\"og:locale\" content=\"en_US\" \/>\n<meta property=\"og:type\" content=\"article\" \/>\n<meta property=\"og:title\" content=\"CONGRESISTAS TORO NEGRO1 - Fundaci\u00f3n Comunitaria de Puerto Rico\" \/>\n<meta property=\"og:description\" content=\"En primer plano, izquierda, el presidente de la Fundaci\u00f3n Comunitaria de Puerto Rico, el doctor Nelson I. Col\u00f3n Tarrats, junto al congresista Ra\u00fal M. Grijalva, al centro, otros miembros del Comit\u00e9 de Recursos Naturales del Congreso de los Estados Unidos y del Senado de Puerto Rico, durante la visita que el Comit\u00e9 realiz\u00f3 el pasado 16 de marzo a la Comunidad Solar Toro Negro Inc., en Ciales.\" \/>\n<meta property=\"og:url\" content=\"https:\/\/www.fcpr.org\/wp-content\/uploads\/2019\/04\/CONGRESISTAS-TORO-NEGRO1.jpg\" \/>\n<meta property=\"og:site_name\" content=\"Fundaci\u00f3n Comunitaria de Puerto Rico\" \/>\n<meta property=\"article:publisher\" content=\"https:\/\/www.facebook.com\/FundacionComunitaria\" \/>\n<meta property=\"article:modified_time\" content=\"2019-04-04T19:35:30+00:00\" \/>\n<meta property=\"og:image\" content=\"https:\/\/www.fcpr.org\/wp-content\/uploads\/2019\/04\/CONGRESISTAS-TORO-NEGRO1.jpg\" \/>\n\t<meta property=\"og:image:width\" content=\"1719\" \/>\n\t<meta property=\"og:image:height\" content=\"1200\" \/>\n\t<meta property=\"og:image:type\" content=\"image\/jpeg\" \/>\n<meta name=\"twitter:card\" content=\"summary_large_image\" \/>\n<meta name=\"twitter:site\" content=\"@FComunitaria\" \/>\n<script type=\"application\/ld+json\" class=\"yoast-schema-graph\">{\"@context\":\"https:\\\/\\\/schema.org\",\"@graph\":[{\"@type\":\"WebPage\",\"@id\":\"https:\\\/\\\/www.fcpr.org\\\/wp-content\\\/uploads\\\/2019\\\/04\\\/CONGRESISTAS-TORO-NEGRO1.jpg\",\"url\":\"https:\\\/\\\/www.fcpr.org\\\/wp-content\\\/uploads\\\/2019\\\/04\\\/CONGRESISTAS-TORO-NEGRO1.jpg\",\"name\":\"CONGRESISTAS TORO NEGRO1 - Fundaci\u00f3n Comunitaria de Puerto Rico\",\"isPartOf\":{\"@id\":\"https:\\\/\\\/www.fcpr.org\\\/#website\"},\"datePublished\":\"2019-04-04T19:34:39+00:00\",\"dateModified\":\"2019-04-04T19:35:30+00:00\",\"breadcrumb\":{\"@id\":\"https:\\\/\\\/www.fcpr.org\\\/wp-content\\\/uploads\\\/2019\\\/04\\\/CONGRESISTAS-TORO-NEGRO1.jpg#breadcrumb\"},\"inLanguage\":\"en-US\",\"potentialAction\":[{\"@type\":\"ReadAction\",\"target\":[\"https:\\\/\\\/www.fcpr.org\\\/wp-content\\\/uploads\\\/2019\\\/04\\\/CONGRESISTAS-TORO-NEGRO1.jpg\"]}]},{\"@type\":\"BreadcrumbList\",\"@id\":\"https:\\\/\\\/www.fcpr.org\\\/wp-content\\\/uploads\\\/2019\\\/04\\\/CONGRESISTAS-TORO-NEGRO1.jpg#breadcrumb\",\"itemListElement\":[{\"@type\":\"ListItem\",\"position\":1,\"name\":\"Home\",\"item\":\"https:\\\/\\\/www.fcpr.org\\\/\"},{\"@type\":\"ListItem\",\"position\":2,\"name\":\"Fundaci\u00f3n Comunitaria de Puerto Rico expondr\u00e1 en vistas p\u00fablicas de energ\u00eda ante el Congreso de los Estados Unidos\",\"item\":\"https:\\\/\\\/www.fcpr.org\\\/fundacion-comunitaria-de-puerto-rico-expondra-en-vistas-publicas-de-energia-ante-el-congreso-de-los-estados-unidos\\\/\"},{\"@type\":\"ListItem\",\"position\":3,\"name\":\"CONGRESISTAS TORO NEGRO1\"}]},{\"@type\":\"WebSite\",\"@id\":\"https:\\\/\\\/www.fcpr.org\\\/#website\",\"url\":\"https:\\\/\\\/www.fcpr.org\\\/\",\"name\":\"Fundaci\u00f3n Comunitaria de Puerto Rico\",\"description\":\"Fortaleciendo el Capital Comunitario\",\"publisher\":{\"@id\":\"https:\\\/\\\/www.fcpr.org\\\/#organization\"},\"potentialAction\":[{\"@type\":\"SearchAction\",\"target\":{\"@type\":\"EntryPoint\",\"urlTemplate\":\"https:\\\/\\\/www.fcpr.org\\\/?s={search_term_string}\"},\"query-input\":{\"@type\":\"PropertyValueSpecification\",\"valueRequired\":true,\"valueName\":\"search_term_string\"}}],\"inLanguage\":\"en-US\"},{\"@type\":\"Organization\",\"@id\":\"https:\\\/\\\/www.fcpr.org\\\/#organization\",\"name\":\"Fundaci\u00f3n Comunitaria de Puerto Rico\",\"url\":\"https:\\\/\\\/www.fcpr.org\\\/\",\"logo\":{\"@type\":\"ImageObject\",\"inLanguage\":\"en-US\",\"@id\":\"https:\\\/\\\/www.fcpr.org\\\/#\\\/schema\\\/logo\\\/image\\\/\",\"url\":\"https:\\\/\\\/www.fcpr.org\\\/wp-content\\\/uploads\\\/2016\\\/08\\\/logo-corp-red.png\",\"contentUrl\":\"https:\\\/\\\/www.fcpr.org\\\/wp-content\\\/uploads\\\/2016\\\/08\\\/logo-corp-red.png\",\"width\":221,\"height\":32,\"caption\":\"Fundaci\u00f3n Comunitaria de Puerto Rico\"},\"image\":{\"@id\":\"https:\\\/\\\/www.fcpr.org\\\/#\\\/schema\\\/logo\\\/image\\\/\"},\"sameAs\":[\"https:\\\/\\\/www.facebook.com\\\/FundacionComunitaria\",\"https:\\\/\\\/x.com\\\/FComunitaria\",\"https:\\\/\\\/www.instagram.com\\\/fundacioncomunitaria\\\/\",\"https:\\\/\\\/www.youtube.com\\\/channel\\\/UCGGW21eIGw6NRin0BrylmWg\"]}]}<\/script>\n<!-- \/ Yoast SEO Premium plugin. -->","yoast_head_json":{"title":"CONGRESISTAS TORO NEGRO1 - Fundaci\u00f3n Comunitaria de Puerto Rico","robots":{"index":"index","follow":"follow","max-snippet":"max-snippet:-1","max-image-preview":"max-image-preview:large","max-video-preview":"max-video-preview:-1"},"canonical":"https:\/\/www.fcpr.org\/wp-content\/uploads\/2019\/04\/CONGRESISTAS-TORO-NEGRO1.jpg","og_locale":"en_US","og_type":"article","og_title":"CONGRESISTAS TORO NEGRO1 - Fundaci\u00f3n Comunitaria de Puerto Rico","og_description":"En primer plano, izquierda, el presidente de la Fundaci\u00f3n Comunitaria de Puerto Rico, el doctor Nelson I. Col\u00f3n Tarrats, junto al congresista Ra\u00fal M. Grijalva, al centro, otros miembros del Comit\u00e9 de Recursos Naturales del Congreso de los Estados Unidos y del Senado de Puerto Rico, durante la visita que el Comit\u00e9 realiz\u00f3 el pasado 16 de marzo a la Comunidad Solar Toro Negro Inc., en Ciales.","og_url":"https:\/\/www.fcpr.org\/wp-content\/uploads\/2019\/04\/CONGRESISTAS-TORO-NEGRO1.jpg","og_site_name":"Fundaci\u00f3n Comunitaria de Puerto Rico","article_publisher":"https:\/\/www.facebook.com\/FundacionComunitaria","article_modified_time":"2019-04-04T19:35:30+00:00","og_image":[{"width":1719,"height":1200,"url":"https:\/\/www.fcpr.org\/wp-content\/uploads\/2019\/04\/CONGRESISTAS-TORO-NEGRO1.jpg","type":"image\/jpeg"}],"twitter_card":"summary_large_image","twitter_site":"@FComunitaria","schema":{"@context":"https:\/\/schema.org","@graph":[{"@type":"WebPage","@id":"https:\/\/www.fcpr.org\/wp-content\/uploads\/2019\/04\/CONGRESISTAS-TORO-NEGRO1.jpg","url":"https:\/\/www.fcpr.org\/wp-content\/uploads\/2019\/04\/CONGRESISTAS-TORO-NEGRO1.jpg","name":"CONGRESISTAS TORO NEGRO1 - Fundaci\u00f3n Comunitaria de Puerto Rico","isPartOf":{"@id":"https:\/\/www.fcpr.org\/#website"},"datePublished":"2019-04-04T19:34:39+00:00","dateModified":"2019-04-04T19:35:30+00:00","breadcrumb":{"@id":"https:\/\/www.fcpr.org\/wp-content\/uploads\/2019\/04\/CONGRESISTAS-TORO-NEGRO1.jpg#breadcrumb"},"inLanguage":"en-US","potentialAction":[{"@type":"ReadAction","target":["https:\/\/www.fcpr.org\/wp-content\/uploads\/2019\/04\/CONGRESISTAS-TORO-NEGRO1.jpg"]}]},{"@type":"BreadcrumbList","@id":"https:\/\/www.fcpr.org\/wp-content\/uploads\/2019\/04\/CONGRESISTAS-TORO-NEGRO1.jpg#breadcrumb","itemListElement":[{"@type":"ListItem","position":1,"name":"Home","item":"https:\/\/www.fcpr.org\/"},{"@type":"ListItem","position":2,"name":"Fundaci\u00f3n Comunitaria de Puerto Rico expondr\u00e1 en vistas p\u00fablicas de energ\u00eda ante el Congreso de los Estados Unidos","item":"https:\/\/www.fcpr.org\/fundacion-comunitaria-de-puerto-rico-expondra-en-vistas-publicas-de-energia-ante-el-congreso-de-los-estados-unidos\/"},{"@type":"ListItem","position":3,"name":"CONGRESISTAS TORO NEGRO1"}]},{"@type":"WebSite","@id":"https:\/\/www.fcpr.org\/#website","url":"https:\/\/www.fcpr.org\/","name":"Puerto Rico Community Foundation","description":"Strengthening Community Capital","publisher":{"@id":"https:\/\/www.fcpr.org\/#organization"},"potentialAction":[{"@type":"SearchAction","target":{"@type":"EntryPoint","urlTemplate":"https:\/\/www.fcpr.org\/?s={search_term_string}"},"query-input":{"@type":"PropertyValueSpecification","valueRequired":true,"valueName":"search_term_string"}}],"inLanguage":"en-US"},{"@type":"Organization","@id":"https:\/\/www.fcpr.org\/#organization","name":"Puerto Rico Community Foundation","url":"https:\/\/www.fcpr.org\/","logo":{"@type":"ImageObject","inLanguage":"en-US","@id":"https:\/\/www.fcpr.org\/#\/schema\/logo\/image\/","url":"https:\/\/www.fcpr.org\/wp-content\/uploads\/2016\/08\/logo-corp-red.png","contentUrl":"https:\/\/www.fcpr.org\/wp-content\/uploads\/2016\/08\/logo-corp-red.png","width":221,"height":32,"caption":"Fundaci\u00f3n Comunitaria de Puerto Rico"},"image":{"@id":"https:\/\/www.fcpr.org\/#\/schema\/logo\/image\/"},"sameAs":["https:\/\/www.facebook.com\/FundacionComunitaria","https:\/\/x.com\/FComunitaria","https:\/\/www.instagram.com\/fundacioncomunitaria\/","https:\/\/www.youtube.com\/channel\/UCGGW21eIGw6NRin0BrylmWg"]}]}},"description":{"rendered":"<p class=\"attachment\"><a href='https:\/\/www.fcpr.org\/wp-content\/uploads\/2019\/04\/CONGRESISTAS-TORO-NEGRO1.jpg'><img loading=\"lazy\" decoding=\"async\" width=\"300\" height=\"209\" src=\"https:\/\/www.fcpr.org\/wp-content\/uploads\/2019\/04\/CONGRESISTAS-TORO-NEGRO1-300x209.jpg\" class=\"attachment-medium size-medium\" alt=\"\" srcset=\"https:\/\/www.fcpr.org\/wp-content\/uploads\/2019\/04\/CONGRESISTAS-TORO-NEGRO1-300x209.jpg 300w, https:\/\/www.fcpr.org\/wp-content\/uploads\/2019\/04\/CONGRESISTAS-TORO-NEGRO1-768x536.jpg 768w, https:\/\/www.fcpr.org\/wp-content\/uploads\/2019\/04\/CONGRESISTAS-TORO-NEGRO1-1024x715.jpg 1024w, https:\/\/www.fcpr.org\/wp-content\/uploads\/2019\/04\/CONGRESISTAS-TORO-NEGRO1.jpg 1719w\" sizes=\"auto, (max-width: 300px) 100vw, 300px\" \/><\/a><\/p>\n"},"caption":{"rendered":"<p>En primer plano,  izquierda, el presidente de la Fundaci\u00f3n Comunitaria de Puerto Rico, el doctor Nelson I. Col\u00f3n Tarrats, junto al congresista Ra\u00fal M. Grijalva, al centro, otros miembros del Comit\u00e9 de Recursos Naturales del Congreso de los Estados Unidos y del Senado de Puerto Rico, durante la visita que el Comit\u00e9 realiz\u00f3 el pasado 16 de marzo a la Comunidad Solar Toro Negro Inc., en Ciales.<\/p>\n"},"alt_text":"","media_type":"image","mime_type":"image\/jpeg","media_details":{"width":1719,"height":1200,"file":"2019\/04\/CONGRESISTAS-TORO-NEGRO1.jpg","sizes":{"thumbnail":{"file":"CONGRESISTAS-TORO-NEGRO1-150x150.jpg","width":150,"height":150,"mime_type":"image\/jpeg","source_url":"https:\/\/www.fcpr.org\/wp-content\/uploads\/2019\/04\/CONGRESISTAS-TORO-NEGRO1-150x150.jpg"},"medium":{"file":"CONGRESISTAS-TORO-NEGRO1-300x209.jpg","width":300,"height":209,"mime_type":"image\/jpeg","source_url":"https:\/\/www.fcpr.org\/wp-content\/uploads\/2019\/04\/CONGRESISTAS-TORO-NEGRO1-300x209.jpg"},"medium_large":{"file":"CONGRESISTAS-TORO-NEGRO1-768x536.jpg","width":768,"height":536,"mime_type":"image\/jpeg","source_url":"https:\/\/www.fcpr.org\/wp-content\/uploads\/2019\/04\/CONGRESISTAS-TORO-NEGRO1-768x536.jpg"},"large":{"file":"CONGRESISTAS-TORO-NEGRO1-1024x715.jpg","width":1024,"height":715,"mime_type":"image\/jpeg","source_url":"https:\/\/www.fcpr.org\/wp-content\/uploads\/2019\/04\/CONGRESISTAS-TORO-NEGRO1-1024x715.jpg"},"catanis_post_thumbnail_size":{"file":"CONGRESISTAS-TORO-NEGRO1-465x280.jpg","width":465,"height":280,"mime_type":"image\/jpeg","source_url":"https:\/\/www.fcpr.org\/wp-content\/uploads\/2019\/04\/CONGRESISTAS-TORO-NEGRO1-465x280.jpg"},"catanis_portfolio_thumbnail_size":{"file":"CONGRESISTAS-TORO-NEGRO1-800x600.jpg","width":800,"height":600,"mime_type":"image\/jpeg","source_url":"https:\/\/www.fcpr.org\/wp-content\/uploads\/2019\/04\/CONGRESISTAS-TORO-NEGRO1-800x600.jpg"},"full":{"file":"CONGRESISTAS-TORO-NEGRO1.jpg","width":1719,"height":1200,"mime_type":"image\/jpeg","source_url":"https:\/\/www.fcpr.org\/wp-content\/uploads\/2019\/04\/CONGRESISTAS-TORO-NEGRO1.jpg"}},"image_meta":{"aperture":"0","credit":"","camera":"","caption":"","created_timestamp":"0","copyright":"","focal_length":"0","iso":"0","shutter_speed":"0","title":"","orientation":"0","keywords":[]}},"post":5708,"source_url":"https:\/\/www.fcpr.org\/wp-content\/uploads\/2019\/04\/CONGRESISTAS-TORO-NEGRO1.jpg","_links":{"self":[{"href":"https:\/\/www.fcpr.org\/en\/wp-json\/wp\/v2\/media\/5709","targetHints":{"allow":["GET"]}}],"collection":[{"href":"https:\/\/www.fcpr.org\/en\/wp-json\/wp\/v2\/media"}],"about":[{"href":"https:\/\/www.fcpr.org\/en\/wp-json\/wp\/v2\/types\/attachment"}],"author":[{"embeddable":true,"href":"https:\/\/www.fcpr.org\/en\/wp-json\/wp\/v2\/users\/1"}],"wp:attached-to":[{"embeddable":true,"post_type":"post","id":5708,"href":"https:\/\/www.fcpr.org\/en\/wp-json\/wp\/v2\/posts\/5708"}],"curies":[{"name":"wp","href":"https:\/\/api.w.org\/{rel}","templated":true}]}}