{"id":12604,"date":"2023-03-18T14:58:10","date_gmt":"2023-03-18T18:58:10","guid":{"rendered":"https:\/\/www.fcpr.org\/?page_id=12604"},"modified":"2023-03-18T14:58:12","modified_gmt":"2023-03-18T18:58:12","slug":"comunicados-jenkos-test","status":"publish","type":"page","link":"https:\/\/www.fcpr.org\/en\/comunicados-jenkos-test\/","title":{"rendered":"Comunicados-Jenkos Test"},"content":{"rendered":"<ul class=\"wp-block-latest-posts__list has-dates has-author wp-block-latest-posts\"><li><div class=\"wp-block-latest-posts__featured-image alignleft\"><img loading=\"lazy\" decoding=\"async\" width=\"300\" height=\"200\" src=\"https:\/\/www.fcpr.org\/wp-content\/uploads\/2025\/10\/Untitled-design-2-300x200.png\" class=\"attachment-medium size-medium wp-post-image\" alt=\"\" style=\"\" srcset=\"https:\/\/www.fcpr.org\/wp-content\/uploads\/2025\/10\/Untitled-design-2-300x200.png 300w, https:\/\/www.fcpr.org\/wp-content\/uploads\/2025\/10\/Untitled-design-2-1024x683.png 1024w, https:\/\/www.fcpr.org\/wp-content\/uploads\/2025\/10\/Untitled-design-2-768x512.png 768w, https:\/\/www.fcpr.org\/wp-content\/uploads\/2025\/10\/Untitled-design-2.png 1200w\" sizes=\"auto, (max-width: 300px) 100vw, 300px\" \/><\/div><a class=\"wp-block-latest-posts__post-title\" href=\"https:\/\/www.fcpr.org\/en\/becaderecho-estudiantes-2\/\">FCPR and Federal Court create scholarship fund for law students in Puerto Rico<\/a><div class=\"wp-block-latest-posts__post-author\">by Carla Martorell<\/div><time datetime=\"2025-10-06T14:16:30-04:00\" class=\"wp-block-latest-posts__post-date\">October 6, 2025<\/time><div class=\"wp-block-latest-posts__post-excerpt\">La Fundaci\u00f3n Comunitaria de Puerto Rico (FCPR) y el Bar Admission Fund del Tribunal Federal establecieron un fondo de becas que beneficiar\u00e1 a 12 estudiantes de Derecho en\u2026 <a class=\"wp-block-latest-posts__read-more\" href=\"https:\/\/www.fcpr.org\/en\/becaderecho-estudiantes-2\/\" rel=\"noopener noreferrer\">Read more<span class=\"screen-reader-text\">: FCPR y el Tribunal Federal crean fondo de becas para estudiantes de Derecho en Puerto Rico<\/span><\/a><\/div><\/li>\n<li><div class=\"wp-block-latest-posts__featured-image alignleft\"><img loading=\"lazy\" decoding=\"async\" width=\"300\" height=\"169\" src=\"https:\/\/www.fcpr.org\/wp-content\/uploads\/2025\/06\/Impulso-a-una-economia-verde-1-e1749764810138-300x169.png\" class=\"attachment-medium size-medium wp-post-image\" alt=\"\" style=\"\" srcset=\"https:\/\/www.fcpr.org\/wp-content\/uploads\/2025\/06\/Impulso-a-una-economia-verde-1-e1749764810138-300x169.png 300w, https:\/\/www.fcpr.org\/wp-content\/uploads\/2025\/06\/Impulso-a-una-economia-verde-1-e1749764810138-1024x577.png 1024w, https:\/\/www.fcpr.org\/wp-content\/uploads\/2025\/06\/Impulso-a-una-economia-verde-1-e1749764810138-768x433.png 768w, https:\/\/www.fcpr.org\/wp-content\/uploads\/2025\/06\/Impulso-a-una-economia-verde-1-e1749764810138-1536x866.png 1536w, https:\/\/www.fcpr.org\/wp-content\/uploads\/2025\/06\/Impulso-a-una-economia-verde-1-e1749764810138-2048x1154.png 2048w\" sizes=\"auto, (max-width: 300px) 100vw, 300px\" \/><\/div><a class=\"wp-block-latest-posts__post-title\" href=\"https:\/\/www.fcpr.org\/en\/bosquemodelo-economiaverde\/\">Fund for the Conservation and Sustainable Development of the Puerto Rico Model Forest supports initiatives that promote a green economy.<\/a><div class=\"wp-block-latest-posts__post-author\">by FCPR<\/div><time datetime=\"2025-06-12T17:48:18-04:00\" class=\"wp-block-latest-posts__post-date\">June 12, 2025<\/time><div class=\"wp-block-latest-posts__post-excerpt\">El Fondo para la Conservaci\u00f3n y Desarrollo Sostenible del Bosque Modelo de Puerto Rico otorga $20,000 en donativos a proyectos locales&nbsp; San Juan, Puerto Rico | El Fondo\u2026 <a class=\"wp-block-latest-posts__read-more\" href=\"https:\/\/www.fcpr.org\/en\/bosquemodelo-economiaverde\/\" rel=\"noopener noreferrer\">Read more<span class=\"screen-reader-text\">: Fondo para la Conservaci\u00f3n y Desarrollo Sostenible del Bosque Modelo de Puerto Rico apoya iniciativas impulsadoras hacia una econom\u00eda verde<\/span><\/a><\/div><\/li>\n<li><div class=\"wp-block-latest-posts__featured-image alignleft\"><img loading=\"lazy\" decoding=\"async\" width=\"300\" height=\"169\" src=\"https:\/\/www.fcpr.org\/wp-content\/uploads\/2025\/06\/Placas-kioskos-Culebra-1-300x169.jpg\" class=\"attachment-medium size-medium wp-post-image\" alt=\"\" style=\"\" srcset=\"https:\/\/www.fcpr.org\/wp-content\/uploads\/2025\/06\/Placas-kioskos-Culebra-1-300x169.jpg 300w, https:\/\/www.fcpr.org\/wp-content\/uploads\/2025\/06\/Placas-kioskos-Culebra-1-1024x576.jpg 1024w, https:\/\/www.fcpr.org\/wp-content\/uploads\/2025\/06\/Placas-kioskos-Culebra-1-768x432.jpg 768w, https:\/\/www.fcpr.org\/wp-content\/uploads\/2025\/06\/Placas-kioskos-Culebra-1-1536x864.jpg 1536w, https:\/\/www.fcpr.org\/wp-content\/uploads\/2025\/06\/Placas-kioskos-Culebra-1.jpg 1600w\" sizes=\"auto, (max-width: 300px) 100vw, 300px\" \/><\/div><a class=\"wp-block-latest-posts__post-title\" href=\"https:\/\/www.fcpr.org\/en\/sistemas-solares-culebra\/\">Community Foundation of Puerto Rico concludes phase of installation of solar systems in Culebra businesses<\/a><div class=\"wp-block-latest-posts__post-author\">by FCPR<\/div><time datetime=\"2025-06-04T17:13:58-04:00\" class=\"wp-block-latest-posts__post-date\">June 4, 2025<\/time><div class=\"wp-block-latest-posts__post-excerpt\">&#8211;El proyecto Empowering Culebra Economic Ecosystem, se logr\u00f3 con una subvenci\u00f3n de la U.S. Economic Development Administration ( EDA ) y donantes de la Fundaci\u00f3n \u2013 San Juan,\u2026 <a class=\"wp-block-latest-posts__read-more\" href=\"https:\/\/www.fcpr.org\/en\/sistemas-solares-culebra\/\" rel=\"noopener noreferrer\">Read more<span class=\"screen-reader-text\">: Fundaci\u00f3n Comunitaria de Puerto Rico concluye fase de instalaci\u00f3n \u00a0de sistemas solares en negocios de Culebra<\/span><\/a><\/div><\/li>\n<li><div class=\"wp-block-latest-posts__featured-image alignleft\"><img loading=\"lazy\" decoding=\"async\" width=\"300\" height=\"117\" src=\"https:\/\/www.fcpr.org\/wp-content\/uploads\/2025\/05\/unnamed-file-300x117.png\" class=\"attachment-medium size-medium wp-post-image\" alt=\"\" style=\"\" srcset=\"https:\/\/www.fcpr.org\/wp-content\/uploads\/2025\/05\/unnamed-file-300x117.png 300w, https:\/\/www.fcpr.org\/wp-content\/uploads\/2025\/05\/unnamed-file-1024x401.png 1024w, https:\/\/www.fcpr.org\/wp-content\/uploads\/2025\/05\/unnamed-file-768x301.png 768w, https:\/\/www.fcpr.org\/wp-content\/uploads\/2025\/05\/unnamed-file-1536x601.png 1536w, https:\/\/www.fcpr.org\/wp-content\/uploads\/2025\/05\/unnamed-file.png 1591w\" sizes=\"auto, (max-width: 300px) 100vw, 300px\" \/><\/div><a class=\"wp-block-latest-posts__post-title\" href=\"https:\/\/www.fcpr.org\/en\/%f0%9f%93%8a-navegando-el-censo-estrategias-para-la-busqueda-efectiva-de-datos-sociales-sociodemograficos-y-economicos-de-puerto-rico\/\">\ud83d\udcca Navigating the CENSUS: Strategies for the effective search of social, sociodemographic and economic data of Puerto Rico.<\/a><div class=\"wp-block-latest-posts__post-author\">by FCPR<\/div><time datetime=\"2025-05-20T13:49:12-04:00\" class=\"wp-block-latest-posts__post-date\">May 20, 2025<\/time><div class=\"wp-block-latest-posts__post-excerpt\">Webinar gratuito para organizaciones sin fines de lucro\ud83d\udcc5 Jueves, 12 de junio de 2025\ud83d\udd59 10:00 a.m.\ud83d\udccd V\u00eda Zoom Este taller virtual est\u00e1 dise\u00f1ado para capacitar a l\u00edderes del\u2026 <a class=\"wp-block-latest-posts__read-more\" href=\"https:\/\/www.fcpr.org\/en\/%f0%9f%93%8a-navegando-el-censo-estrategias-para-la-busqueda-efectiva-de-datos-sociales-sociodemograficos-y-economicos-de-puerto-rico\/\" rel=\"noopener noreferrer\">Read more<span class=\"screen-reader-text\">: \ud83d\udcca Navegando el CENSO: Estrategias para la b\u00fasqueda efectiva de datos sociales, sociodemogr\u00e1ficos y econ\u00f3micos de Puerto Rico<\/span><\/a><\/div><\/li>\n<li><div class=\"wp-block-latest-posts__featured-image alignleft\"><img loading=\"lazy\" decoding=\"async\" width=\"300\" height=\"137\" src=\"https:\/\/www.fcpr.org\/wp-content\/uploads\/2025\/05\/WEB-REBIA-e1746648284907-300x137.png\" class=\"attachment-medium size-medium wp-post-image\" alt=\"\" style=\"\" srcset=\"https:\/\/www.fcpr.org\/wp-content\/uploads\/2025\/05\/WEB-REBIA-e1746648284907-300x137.png 300w, https:\/\/www.fcpr.org\/wp-content\/uploads\/2025\/05\/WEB-REBIA-e1746648284907-1024x466.png 1024w, https:\/\/www.fcpr.org\/wp-content\/uploads\/2025\/05\/WEB-REBIA-e1746648284907-768x350.png 768w, https:\/\/www.fcpr.org\/wp-content\/uploads\/2025\/05\/WEB-REBIA-e1746648284907.png 1437w\" sizes=\"auto, (max-width: 300px) 100vw, 300px\" \/><\/div><a class=\"wp-block-latest-posts__post-title\" href=\"https:\/\/www.fcpr.org\/en\/webinar-de-la-tierra-al-cuerpo-luchas-territoriales-y-culturales-en-el-surglobal\/\">Webinar - From Land to Body: Territorial and Cultural Struggles in the SURGlobal<\/a><div class=\"wp-block-latest-posts__post-author\">by FCPR<\/div><time datetime=\"2025-05-08T14:39:34-04:00\" class=\"wp-block-latest-posts__post-date\">May 8, 2025<\/time><div class=\"wp-block-latest-posts__post-excerpt\">Fortaleciendo la Equidad Racial a trav\u00e9s del Di\u00e1logo Intersectorial Como parte de nuestro compromiso con la equidad racial en las Am\u00e9ricas, el Instituto para la Construcci\u00f3n de la\u2026 <a class=\"wp-block-latest-posts__read-more\" href=\"https:\/\/www.fcpr.org\/en\/webinar-de-la-tierra-al-cuerpo-luchas-territoriales-y-culturales-en-el-surglobal\/\" rel=\"noopener noreferrer\">Read more<span class=\"screen-reader-text\">: Webinar &#8211; De la Tierra al Cuerpo: Luchas Territoriales y Culturales en el SURGlobal<\/span><\/a><\/div><\/li>\n<\/ul>","protected":false},"excerpt":{"rendered":"","protected":false},"author":7,"featured_media":0,"parent":0,"menu_order":0,"comment_status":"closed","ping_status":"closed","template":"","meta":{"give_campaign_id":0,"footnotes":""},"class_list":["post-12604","page","type-page","status-publish","hentry"],"yoast_head":"<!-- This site is optimized with the Yoast SEO Premium plugin v27.5 (Yoast SEO v27.5) - https:\/\/yoast.com\/product\/yoast-seo-premium-wordpress\/ -->\n<title>Comunicados-Jenkos Test - Fundaci\u00f3n Comunitaria de Puerto Rico<\/title>\n<meta name=\"robots\" content=\"index, follow, max-snippet:-1, max-image-preview:large, max-video-preview:-1\" \/>\n<link rel=\"canonical\" href=\"https:\/\/www.fcpr.org\/en\/comunicados-jenkos-test\/\" \/>\n<meta property=\"og:locale\" content=\"en_US\" \/>\n<meta property=\"og:type\" content=\"article\" \/>\n<meta property=\"og:title\" content=\"Comunicados-Jenkos Test\" \/>\n<meta property=\"og:url\" content=\"https:\/\/www.fcpr.org\/en\/comunicados-jenkos-test\/\" \/>\n<meta property=\"og:site_name\" content=\"Fundaci\u00f3n Comunitaria de Puerto Rico\" \/>\n<meta property=\"article:publisher\" content=\"https:\/\/www.facebook.com\/FundacionComunitaria\" \/>\n<meta property=\"article:modified_time\" content=\"2023-03-18T18:58:12+00:00\" \/>\n<meta name=\"twitter:card\" content=\"summary_large_image\" \/>\n<meta name=\"twitter:site\" content=\"@FComunitaria\" \/>\n<script type=\"application\/ld+json\" class=\"yoast-schema-graph\">{\"@context\":\"https:\\\/\\\/schema.org\",\"@graph\":[{\"@type\":\"WebPage\",\"@id\":\"https:\\\/\\\/www.fcpr.org\\\/comunicados-jenkos-test\\\/\",\"url\":\"https:\\\/\\\/www.fcpr.org\\\/comunicados-jenkos-test\\\/\",\"name\":\"Comunicados-Jenkos Test - Fundaci\u00f3n Comunitaria de Puerto Rico\",\"isPartOf\":{\"@id\":\"https:\\\/\\\/www.fcpr.org\\\/#website\"},\"datePublished\":\"2023-03-18T18:58:10+00:00\",\"dateModified\":\"2023-03-18T18:58:12+00:00\",\"breadcrumb\":{\"@id\":\"https:\\\/\\\/www.fcpr.org\\\/comunicados-jenkos-test\\\/#breadcrumb\"},\"inLanguage\":\"en-US\",\"potentialAction\":[{\"@type\":\"ReadAction\",\"target\":[\"https:\\\/\\\/www.fcpr.org\\\/comunicados-jenkos-test\\\/\"]}]},{\"@type\":\"BreadcrumbList\",\"@id\":\"https:\\\/\\\/www.fcpr.org\\\/comunicados-jenkos-test\\\/#breadcrumb\",\"itemListElement\":[{\"@type\":\"ListItem\",\"position\":1,\"name\":\"Home\",\"item\":\"https:\\\/\\\/www.fcpr.org\\\/\"},{\"@type\":\"ListItem\",\"position\":2,\"name\":\"Comunicados-Jenkos Test\"}]},{\"@type\":\"WebSite\",\"@id\":\"https:\\\/\\\/www.fcpr.org\\\/#website\",\"url\":\"https:\\\/\\\/www.fcpr.org\\\/\",\"name\":\"Fundaci\u00f3n Comunitaria de Puerto Rico\",\"description\":\"Fortaleciendo el Capital Comunitario\",\"publisher\":{\"@id\":\"https:\\\/\\\/www.fcpr.org\\\/#organization\"},\"potentialAction\":[{\"@type\":\"SearchAction\",\"target\":{\"@type\":\"EntryPoint\",\"urlTemplate\":\"https:\\\/\\\/www.fcpr.org\\\/?s={search_term_string}\"},\"query-input\":{\"@type\":\"PropertyValueSpecification\",\"valueRequired\":true,\"valueName\":\"search_term_string\"}}],\"inLanguage\":\"en-US\"},{\"@type\":\"Organization\",\"@id\":\"https:\\\/\\\/www.fcpr.org\\\/#organization\",\"name\":\"Fundaci\u00f3n Comunitaria de Puerto Rico\",\"url\":\"https:\\\/\\\/www.fcpr.org\\\/\",\"logo\":{\"@type\":\"ImageObject\",\"inLanguage\":\"en-US\",\"@id\":\"https:\\\/\\\/www.fcpr.org\\\/#\\\/schema\\\/logo\\\/image\\\/\",\"url\":\"https:\\\/\\\/www.fcpr.org\\\/wp-content\\\/uploads\\\/2016\\\/08\\\/logo-corp-red.png\",\"contentUrl\":\"https:\\\/\\\/www.fcpr.org\\\/wp-content\\\/uploads\\\/2016\\\/08\\\/logo-corp-red.png\",\"width\":221,\"height\":32,\"caption\":\"Fundaci\u00f3n Comunitaria de Puerto Rico\"},\"image\":{\"@id\":\"https:\\\/\\\/www.fcpr.org\\\/#\\\/schema\\\/logo\\\/image\\\/\"},\"sameAs\":[\"https:\\\/\\\/www.facebook.com\\\/FundacionComunitaria\",\"https:\\\/\\\/x.com\\\/FComunitaria\",\"https:\\\/\\\/www.instagram.com\\\/fundacioncomunitaria\\\/\",\"https:\\\/\\\/www.youtube.com\\\/channel\\\/UCGGW21eIGw6NRin0BrylmWg\"]}]}<\/script>\n<!-- \/ Yoast SEO Premium plugin. -->","yoast_head_json":{"title":"Comunicados-Jenkos Test - Fundaci\u00f3n Comunitaria de Puerto Rico","robots":{"index":"index","follow":"follow","max-snippet":"max-snippet:-1","max-image-preview":"max-image-preview:large","max-video-preview":"max-video-preview:-1"},"canonical":"https:\/\/www.fcpr.org\/en\/comunicados-jenkos-test\/","og_locale":"en_US","og_type":"article","og_title":"Comunicados-Jenkos Test","og_url":"https:\/\/www.fcpr.org\/en\/comunicados-jenkos-test\/","og_site_name":"Fundaci\u00f3n Comunitaria de Puerto Rico","article_publisher":"https:\/\/www.facebook.com\/FundacionComunitaria","article_modified_time":"2023-03-18T18:58:12+00:00","twitter_card":"summary_large_image","twitter_site":"@FComunitaria","schema":{"@context":"https:\/\/schema.org","@graph":[{"@type":"WebPage","@id":"https:\/\/www.fcpr.org\/comunicados-jenkos-test\/","url":"https:\/\/www.fcpr.org\/comunicados-jenkos-test\/","name":"Comunicados-Jenkos Test - Fundaci\u00f3n Comunitaria de Puerto Rico","isPartOf":{"@id":"https:\/\/www.fcpr.org\/#website"},"datePublished":"2023-03-18T18:58:10+00:00","dateModified":"2023-03-18T18:58:12+00:00","breadcrumb":{"@id":"https:\/\/www.fcpr.org\/comunicados-jenkos-test\/#breadcrumb"},"inLanguage":"en-US","potentialAction":[{"@type":"ReadAction","target":["https:\/\/www.fcpr.org\/comunicados-jenkos-test\/"]}]},{"@type":"BreadcrumbList","@id":"https:\/\/www.fcpr.org\/comunicados-jenkos-test\/#breadcrumb","itemListElement":[{"@type":"ListItem","position":1,"name":"Home","item":"https:\/\/www.fcpr.org\/"},{"@type":"ListItem","position":2,"name":"Comunicados-Jenkos Test"}]},{"@type":"WebSite","@id":"https:\/\/www.fcpr.org\/#website","url":"https:\/\/www.fcpr.org\/","name":"Puerto Rico Community Foundation","description":"Strengthening Community Capital","publisher":{"@id":"https:\/\/www.fcpr.org\/#organization"},"potentialAction":[{"@type":"SearchAction","target":{"@type":"EntryPoint","urlTemplate":"https:\/\/www.fcpr.org\/?s={search_term_string}"},"query-input":{"@type":"PropertyValueSpecification","valueRequired":true,"valueName":"search_term_string"}}],"inLanguage":"en-US"},{"@type":"Organization","@id":"https:\/\/www.fcpr.org\/#organization","name":"Puerto Rico Community Foundation","url":"https:\/\/www.fcpr.org\/","logo":{"@type":"ImageObject","inLanguage":"en-US","@id":"https:\/\/www.fcpr.org\/#\/schema\/logo\/image\/","url":"https:\/\/www.fcpr.org\/wp-content\/uploads\/2016\/08\/logo-corp-red.png","contentUrl":"https:\/\/www.fcpr.org\/wp-content\/uploads\/2016\/08\/logo-corp-red.png","width":221,"height":32,"caption":"Fundaci\u00f3n Comunitaria de Puerto Rico"},"image":{"@id":"https:\/\/www.fcpr.org\/#\/schema\/logo\/image\/"},"sameAs":["https:\/\/www.facebook.com\/FundacionComunitaria","https:\/\/x.com\/FComunitaria","https:\/\/www.instagram.com\/fundacioncomunitaria\/","https:\/\/www.youtube.com\/channel\/UCGGW21eIGw6NRin0BrylmWg"]}]}},"campaignId":"","_links":{"self":[{"href":"https:\/\/www.fcpr.org\/en\/wp-json\/wp\/v2\/pages\/12604","targetHints":{"allow":["GET"]}}],"collection":[{"href":"https:\/\/www.fcpr.org\/en\/wp-json\/wp\/v2\/pages"}],"about":[{"href":"https:\/\/www.fcpr.org\/en\/wp-json\/wp\/v2\/types\/page"}],"author":[{"embeddable":true,"href":"https:\/\/www.fcpr.org\/en\/wp-json\/wp\/v2\/users\/7"}],"replies":[{"embeddable":true,"href":"https:\/\/www.fcpr.org\/en\/wp-json\/wp\/v2\/comments?post=12604"}],"version-history":[{"count":14,"href":"https:\/\/www.fcpr.org\/en\/wp-json\/wp\/v2\/pages\/12604\/revisions"}],"predecessor-version":[{"id":13299,"href":"https:\/\/www.fcpr.org\/en\/wp-json\/wp\/v2\/pages\/12604\/revisions\/13299"}],"wp:attachment":[{"href":"https:\/\/www.fcpr.org\/en\/wp-json\/wp\/v2\/media?parent=12604"}],"curies":[{"name":"wp","href":"https:\/\/api.w.org\/{rel}","templated":true}]}}