{"id":3195,"date":"2017-12-30T21:33:30","date_gmt":"2017-12-30T21:33:30","guid":{"rendered":"https:\/\/fcpr.org\/?page_id=3195"},"modified":"2018-03-27T15:04:19","modified_gmt":"2018-03-27T15:04:19","slug":"helping-communities","status":"publish","type":"page","link":"https:\/\/www.fcpr.org\/en\/helping-communities\/","title":{"rendered":"Ayudando las Comunidades"},"content":{"rendered":"<p>[vc_row][vc_column][ca_heading_title header_type=\u00bbsmall_large_title\u00bb text_align=\u00bbcenter\u00bb header_style=\u00bbdark\u00bb small_title=\u00bbFundaci\u00f3n Comunitaria de Puerto Rico\u00bb large_title=\u00bbAyudando a los primeros en responder a la comunidad\u00bb][\/vc_column][\/vc_row][vc_row][vc_column width=\u00bb1\/4&#8243;][ca_single_image hover_effect=\u00bboverlay\u00bb image_id=\u00bb3205&#8243; link=\u00bbhttps:\/\/www.facebook.com\/notes\/fundaci%C3%B3n-comunitaria-de-puerto-rico\/hogar-el-buen-pastor-gets-back-on-its-feet-to-support-its-community\/1422267837809740&#8243; title=\u00bbHogar El Buen Pastor\u00bb][ca_single_image hover_effect=\u00bboverlay\u00bb image_id=\u00bb3223&#8243; link=\u00bbhttps:\/\/www.facebook.com\/notes\/fundaci%C3%B3n-comunitaria-de-puerto-rico\/yauco-and-guayanilla-has-a-first-responder-in-cmtas\/1426108754092315&#8243; title=\u00bbCentro de Microempresas y Tecnolog\u00edas Agr\u00edcolas\u00bb][ca_single_image hover_effect=\u00bboverlay\u00bb image_id=\u00bb3232&#8243; link=\u00bbhttps:\/\/www.facebook.com\/notes\/fundaci%C3%B3n-comunitaria-de-puerto-rico\/caras-de-las-am%C3%A9ricas-takes-care-of-children-while-supporting-parents-in-cata%C3%B1o\/1432977053405485&#8243; title=\u00bbCaras de las Americas\u00bb][ca_single_image hover_effect=\u00bboverlay\u00bb image_id=\u00bb3242&#8243; link=\u00bbhttps:\/\/www.facebook.com\/notes\/fundaci%C3%B3n-comunitaria-de-puerto-rico\/can%C3%B3vanas-r%C3%ADo-grande-and-carolina-are-being-supported-by-primera-iglesia-bautist\/1443800898989767&#8243; title=\u00bbPrimera Iglesia Bautista de Peniel\u00bb][ca_single_image hover_effect=\u00bboverlay\u00bb image_id=\u00bb3244&#8243; link=\u00bbhttps:\/\/www.facebook.com\/notes\/fundaci%C3%B3n-comunitaria-de-puerto-rico\/surf4dem-is-riding-the-high-tide-for-their-communities\/1443805058989351&#8243; title=\u00bbSurf4Them\u00bb][ca_single_image hover_effect=\u00bboverlay\u00bb image_id=\u00bb3260&#8243; link=\u00bbhttps:\/\/www.facebook.com\/notes\/fundaci%C3%B3n-comunitaria-de-puerto-rico\/ceiba-has-a-partner-in-chedco\/1488185624551294&#8243; title=\u00bbChedco\u00bb][ca_single_image hover_effect=\u00bboverlay\u00bb image_id=\u00bb3265&#8243; link=\u00bbhttps:\/\/www.facebook.com\/notes\/fundaci%C3%B3n-comunitaria-de-puerto-rico\/this-is-how-albergue-el-para%C3%ADso-coasi-and-incubadora-microempresa-biek%C3%A9-are-help\/1488163474553509&#8243; title=\u00bbAlbergue el Para\u00edso\u00bb][ca_single_image hover_effect=\u00bboverlay\u00bb image_id=\u00bb3276&#8243; link=\u00bbhttps:\/\/www.facebook.com\/Fundaci%C3%B3n-Ecol%C3%B3gica-Educativa-Inc-Jard%C3%ADn-Bot%C3%A1nico-UPR-539336866116561&#8243; title=\u00bbFundaci\u00f3n Ecol\u00f3gica Educativa\u00bb][ca_single_image hover_effect=\u00bboverlay\u00bb image_id=\u00bb3289&#8243; link=\u00bbhttps:\/\/www.facebook.com\/One-Stop-Career-Center-of-Puerto-Rico-Inc-161089284088601&#8243; title=\u00bbOne Stop Career Center\u00bb][ca_single_image hover_effect=\u00bboverlay\u00bb image_id=\u00bb3301&#8243; link=\u00bbhttps:\/\/www.pecesinc.org\u00bb title=\u00bbPECES\u00bb][ca_single_image hover_effect=\u00bboverlay\u00bb image_id=\u00bb3315&#8243; link=\u00bbhttp:\/\/www.centroayani.org\u00bb title=\u00bbAYANI\u00bb][ca_single_image hover_effect=\u00bboverlay\u00bb image_id=\u00bb3326&#8243; link=\u00bbhttps:\/\/www.lendreams.com\u00bb title=\u00bbLendreams\u00bb][ca_single_image hover_effect=\u00bboverlay\u00bb image_id=\u00bb3328&#8243; link=\u00bbhttp:\/\/www.jsdcl.org\u00bb title=\u00bbThe Jane Stern\u00bb][ca_single_image hover_effect=\u00bboverlay\u00bb image_id=\u00bb3342&#8243; link=\u00bbhttp:\/\/www.escapepr.org\/\u00bb title=\u00bbESCAPE\u00bb][ca_single_image hover_effect=\u00bboverlay\u00bb image_id=\u00bb3352&#8243; link=\u00bbhttp:\/\/www.regazodepaz.com\/home-2&#8243; title=\u00bbHogar de Ni\u00f1os Regazo de Paz, Inc.\u00bb][ca_single_image hover_effect=\u00bboverlay\u00bb image_id=\u00bb3359&#8243; link=\u00bbhttp:\/\/www.centroesperanzaloiza.org\/\u00bb title=\u00bbCentro Esperanza, Inc.\u00bb][\/vc_column][vc_column width=\u00bb1\/4&#8243;][ca_single_image hover_effect=\u00bboverlay\u00bb image_id=\u00bb3214&#8243; link=\u00bbhttps:\/\/www.facebook.com\/notes\/fundaci%C3%B3n-comunitaria-de-puerto-rico\/alliance-to-strengthen-the-health-of-communities-affected-by-hurricane-mar%C3%ADa\/1424970037539520&#8243; title=\u00bbAsociaci\u00f3n de Salud Primaria de PR\u00bb][ca_single_image hover_effect=\u00bboverlay\u00bb image_id=\u00bb3226&#8243; link=\u00bbhttps:\/\/www.facebook.com\/notes\/fundaci%C3%B3n-comunitaria-de-puerto-rico\/lo%C3%ADza-has-an-allied-in-taller-salud\/1431302473572943&#8243; title=\u00bbTaller de Salud\u00bb][ca_single_image hover_effect=\u00bboverlay\u00bb image_id=\u00bb3234&#8243; link=\u00bbhttps:\/\/www.facebook.com\/notes\/fundaci%C3%B3n-comunitaria-de-puerto-rico\/g-8-is-taking-the-lead-in-cleaning-el-ca%C3%B1o\/1443797105656813&#8243; title=\u00bbG8 Ca\u00f1o Mart\u00edn Pe\u00f1a\u00bb][ca_single_image hover_effect=\u00bboverlay\u00bb image_id=\u00bb3251&#8243; link=\u00bbhttps:\/\/www.facebook.com\/notes\/fundaci%C3%B3n-comunitaria-de-puerto-rico\/coalici%C3%B3n-de-coaliciones-is-active-in-supporting-the-homeless-population-in-54-m\/1488177784552078&#8243; title=\u00bbCoalici\u00f3n de Coaliciones\u00bb][ca_single_image hover_effect=\u00bboverlay\u00bb image_id=\u00bb3263&#8243; link=\u00bbhttps:\/\/www.facebook.com\/notes\/fundaci%C3%B3n-comunitaria-de-puerto-rico\/this-is-how-albergue-el-para%C3%ADso-coasi-and-incubadora-microempresa-biek%C3%A9-are-help\/1488163474553509&#8243; title=\u00bbCOASI\u00bb][ca_single_image hover_effect=\u00bboverlay\u00bb image_id=\u00bb3271&#8243; link=\u00bbhttps:\/\/www.facebook.com\/coaliciondecoalicionespropersonassinhogar\u00bb title=\u00bbCoalici\u00f3n de Coaliciones\u00bb][ca_single_image hover_effect=\u00bboverlay\u00bb image_id=\u00bb3279&#8243; link=\u00bbhttp:\/\/fhnj.org\u00bb title=\u00bbHogar Ni\u00f1ito Jesus\u00bb][ca_single_image hover_effect=\u00bboverlay\u00bb image_id=\u00bb3297&#8243; link=\u00bbhttps:\/\/www.facebook.com\/PathStone-Corporation-Puerto-Rico-232364113577642&#8243; title=\u00bbPathstone\u00bb][ca_single_image hover_effect=\u00bboverlay\u00bb image_id=\u00bb3303&#8243; link=\u00bbhttps:\/\/institutosantaana.com\u00bb title=\u00bbInstituto Santa Ana Adjuntas\u00bb][ca_single_image hover_effect=\u00bboverlay\u00bb image_id=\u00bb3313&#8243; link=\u00bbhttps:\/\/yellowpages.cybo.com\/PR-biz\/centro-de-la-vejez-coame%C3%B1o\u00bb title=\u00bbCentro Coame\u00f1o Para La Vejez\u00bb][ca_single_image hover_effect=\u00bboverlay\u00bb image_id=\u00bb3321&#8243; link=\u00bbhttp:\/\/www.nuevaisla.com\/centrocanii.html\u00bb title=\u00bbCANII\u00bb][ca_single_image hover_effect=\u00bboverlay\u00bb image_id=\u00bb3331&#8243; link=\u00bbhttp:\/\/casajulia.org\u00bb title=\u00bbCasa Protegida Julia De Burgos\u00bb][ca_single_image hover_effect=\u00bboverlay\u00bb image_id=\u00bb3338&#8243; link=\u00bbhttp:\/\/www.connectingpaths.org\u00bb title=\u00bbConnecting Paths PR\u00bb][ca_single_image hover_effect=\u00bboverlay\u00bb image_id=\u00bb3348&#8243; link=\u00bbhttp:\/\/www.prconcra.info\/\u00bb title=\u00bbPR CoNCRA\u00bb][ca_single_image hover_effect=\u00bboverlay\u00bb image_id=\u00bb3354&#8243; link=\u00bbhttps:\/\/www.indesovi.com\u00bb title=\u00bbINDESOVI\u00bb][ca_single_image hover_effect=\u00bboverlay\u00bb image_id=\u00bb3361&#8243; link=\u00bbhttps:\/\/www.facebook.com\/Fundaci%C3%B3n-Furipaca-1637202646308054\/\u00bb title=\u00bbFURIPACA\u00bb][\/vc_column][vc_column width=\u00bb1\/4&#8243;][ca_single_image hover_effect=\u00bboverlay\u00bb image_id=\u00bb3216&#8243; link=\u00bbhttps:\/\/www.facebook.com\/notes\/fundaci%C3%B3n-comunitaria-de-puerto-rico\/proyecto-matria-is-doing-a-heavy-lifting-to-provide-essential-needs-to-families-\/1426107257425798&#8243; title=\u00bb Proyecto Matria\u00bb][ca_single_image hover_effect=\u00bboverlay\u00bb image_id=\u00bb3228&#8243; link=\u00bbhttps:\/\/www.facebook.com\/notes\/fundaci%C3%B3n-comunitaria-de-puerto-rico\/ponce-nhs-becomes-a-first-responder-to-villalba\/1432973583405832&#8243; title=\u00bbPonce NHS\u00bb][ca_single_image hover_effect=\u00bboverlay\u00bb image_id=\u00bb3236&#8243; link=\u00bbhttps:\/\/www.facebook.com\/notes\/fundaci%C3%B3n-comunitaria-de-puerto-rico\/aguada-and-nearby-municipalities-are-in-the-paecs-radar\/1443794618990395&#8243; title=\u00bbPAEC Aguada\u00bb][ca_single_image hover_effect=\u00bboverlay\u00bb image_id=\u00bb3246&#8243; link=\u00bbhttps:\/\/www.facebook.com\/notes\/fundaci%C3%B3n-comunitaria-de-puerto-rico\/centro-cultural-y-servicios-de-cantera-is-working-for-its-community\/1443803718989485&#8243; title=\u00bbCentro Cultural y Servicio de Cantera\u00bb][ca_single_image hover_effect=\u00bboverlay\u00bb image_id=\u00bb3253&#8243; link=\u00bbhttps:\/\/www.facebook.com\/notes\/fundaci%C3%B3n-comunitaria-de-puerto-rico\/hogares-teresa-toda-is-supporting-the-girls-in-lo%C3%ADza-and-can%C3%B3vanas\/1488180654551791&#8243; title=\u00bbHogares Teresa Toda\u00bb][ca_single_image hover_effect=\u00bboverlay\u00bb image_id=\u00bb3267&#8243; link=\u00bbhttp:\/\/casapueblo.org\u00bb title=\u00bbCasa Pueblo Adjuntas\u00bb][ca_single_image hover_effect=\u00bboverlay\u00bb image_id=\u00bb3281&#8243; link=\u00bbhttp:\/\/www.mentespuertorriquenas.org\u00bb title=\u00bbMentes Puertorrique\u00f1as En Acci\u00f3n\u00bb][ca_single_image hover_effect=\u00bboverlay\u00bb image_id=\u00bb3299&#8243; link=\u00bbhttp:\/\/pazparalamujer.org\u00bb title=\u00bbPaz Para La Mujer\u00bb][ca_single_image hover_effect=\u00bboverlay\u00bb image_id=\u00bb3305&#8243; link=\u00bbhttps:\/\/www.facebook.com\/Fundaci%C3%B3n-Modesto-Gotay-1192944664168409&#8243; title=\u00bbFundaci\u00f3n Modesto Gotay\u00bb][ca_single_image hover_effect=\u00bboverlay\u00bb image_id=\u00bb3319&#8243; link=\u00bbhttp:\/\/www.vitrinasolidaria.org\u00bb title=\u00bbVitrina Solidaria\u00bb][ca_single_image hover_effect=\u00bboverlay\u00bb image_id=\u00bb3114&#8243; link=\u00bbhttps:\/\/www.facebook.com\/notes\/fundaci%C3%B3n-comunitaria-de-puerto-rico\/puerto-rico-community-foundation-launches-the-initiative-water-for-us\/1434878806548643&#8243; title=\u00bbAgua Pa&#8217; Nosotros\u00bb][ca_single_image hover_effect=\u00bboverlay\u00bb image_id=\u00bb3329&#8243; link=\u00bbhttps:\/\/www.facebook.com\/cadeipr\u00bb title=\u00bbCADEI\u00bb][ca_single_image hover_effect=\u00bboverlay\u00bb image_id=\u00bb3335&#8243; link=\u00bbhttps:\/\/www.facebook.com\/Centro-de-Adiestramiento-para-Personas-con-Impedimentos-CAPI-856425447781760\/\u00bb title=\u00bbCAPI\u00bb][ca_single_image hover_effect=\u00bboverlay\u00bb image_id=\u00bb3345&#8243; link=\u00bbhttp:\/\/www2.pr.gov\/agencias\/diabetes\/Pages\/default.aspx\u00bb title=\u00bbCentro de Investigaci\u00f3n Educaci\u00f3n y Servicios M\u00e9dicos para la Diabetes\u00bb][ca_single_image hover_effect=\u00bboverlay\u00bb image_id=\u00bb3350&#8243; link=\u00bbhttps:\/\/www.facebook.com\/Centro-Educativo-Integral-Formando-Vidas-Inc-CEIFV-1940961532852735\/\u00bb title=\u00bbCEIF\u00bb][ca_single_image hover_effect=\u00bboverlay\u00bb image_id=\u00bb3357&#8243; link=\u00bbhttp:\/\/www.copipr.com\/\u00bb title=\u00bbCOPI\u00bb][\/vc_column][vc_column width=\u00bb1\/4&#8243;][ca_single_image hover_effect=\u00bboverlay\u00bb image_id=\u00bb3217&#8243; link=\u00bbhttps:\/\/www.facebook.com\/notes\/fundaci%C3%B3n-comunitaria-de-puerto-rico\/crearte-is-standing-behind-its-yabucoa-community\/1426106037425920&#8243; title=\u00bbCrearte\u00bb][ca_single_image hover_effect=\u00bboverlay\u00bb image_id=\u00bb3230&#8243; link=\u00bbhttps:\/\/www.facebook.com\/notes\/fundaci%C3%B3n-comunitaria-de-puerto-rico\/salinas-guayama-and-arroyo-are-on-the-watch-of-idebajo\/1432980186738505&#8243; title=\u00bbIDEBAJO\u00bb][ca_single_image hover_effect=\u00bboverlay\u00bb image_id=\u00bb3238&#8243; link=\u00bbhttps:\/\/www.facebook.com\/notes\/fundaci%C3%B3n-comunitaria-de-puerto-rico\/san-lorenzos-youth-has-an-allied-in-boys-and-girls-club\/1443799028989954&#8243; title=\u00bbBoys &amp; Girls Club San Lorenzo\u00bb][ca_single_image hover_effect=\u00bboverlay\u00bb image_id=\u00bb3248&#8243; link=\u00bbhttps:\/\/www.facebook.com\/notes\/fundaci%C3%B3n-comunitaria-de-puerto-rico\/the-central-corridor-is-being-supported-by-hogar-nueva-mujer-santa-mar%C3%ADa-de-la-m\/1471872869515903&#8243; title=\u00bbHogar Nueva Mujer santa Mar\u00eda de la Merced, inc.\u00bb][ca_single_image hover_effect=\u00bboverlay\u00bb image_id=\u00bb3257&#8243; link=\u00bbhttps:\/\/www.facebook.com\/notes\/fundaci%C3%B3n-comunitaria-de-puerto-rico\/this-is-how-albergue-el-para%C3%ADso-coasi-and-incubadora-microempresa-biek%C3%A9-are-help\/1488163474553509&#8243; title=\u00bbIncubadora Microempresa Bi\u00e9ke\u00bb][ca_single_image hover_effect=\u00bboverlay\u00bb image_id=\u00bb3269&#8243; link=\u00bbhttps:\/\/www.facebook.com\/Castillo-de-Angeles-Inc-317385660009&#8243; title=\u00bbCastillos de Angeles\u00bb][ca_single_image hover_effect=\u00bboverlay\u00bb image_id=\u00bb3287&#8243; link=\u00bbhttps:\/\/www.facebook.com\/mundo.demunecos\u00bb title=\u00bbEl Mundo de los Mu\u00f1ecos: Puppet World, Inc.\u00bb][ca_single_image hover_effect=\u00bboverlay\u00bb image_id=\u00bb3293&#8243; link=\u00bbhttp:\/\/opdh.org\u00bb title=\u00bbOPDH\u00bb][ca_single_image hover_effect=\u00bboverlay\u00bb image_id=\u00bb3308&#8243; link=\u00bbhttp:\/\/opdh.org\u00bb title=\u00bbCuarzo Blanco\u00bb][ca_single_image hover_effect=\u00bboverlay\u00bb image_id=\u00bb3317&#8243; link=\u00bbhttps:\/\/www.facebook.com\/Centro-Educativo-Integral-Formando-Vidas-Inc-CEIFV-1940961532852735&#8243; title=\u00bbCentro Educativo Formando Vidas\u00bb][ca_single_image hover_effect=\u00bboverlay\u00bb image_id=\u00bb3324&#8243; link=\u00bbhttp:\/\/www.lafonditadejesus.org\u00bb title=\u00bbLa Fondita De Jesus\u00bb][ca_single_image hover_effect=\u00bboverlay\u00bb image_id=\u00bb3333&#8243; link=\u00bbhttp:\/\/centroparaemprendedores.org\u00bb title=\u00bbCentro De Emprendedores\u00bb][ca_single_image hover_effect=\u00bboverlay\u00bb image_id=\u00bb3340&#8243; link=\u00bbhttps:\/\/www.ipvipr.com\/que-es-ipvi\u00bb title=\u00bbIPVI\u00bb][ca_single_image hover_effect=\u00bboverlay\u00bb image_id=\u00bb3343&#8243; link=\u00bbhttps:\/\/www.loizarenace.com\/servicios\/\u00bb title=\u00bbMunicipio de Lo\u00edza\u00bb][ca_single_image hover_effect=\u00bboverlay\u00bb image_id=\u00bb3355&#8243; link=\u00bbhttps:\/\/www.facebook.com\/Agua-Sol-y-Sereno-409224669182689&#8243; title=\u00bbAgua, Sol y Sereno (ASYS), Inc.\u00bb][\/vc_column][\/vc_row]<\/p>\n","protected":false},"excerpt":{"rendered":"<p>[vc_row][vc_column][ca_heading_title header_type=\u00bbsmall_large_title\u00bb text_align=\u00bbcenter\u00bb header_style=\u00bbdark\u00bb small_title=\u00bbFundaci\u00f3n Comunitaria de Puerto Rico\u00bb large_title=\u00bbAyudando a los primeros en responder a la comunidad\u00bb][\/vc_column][\/vc_row][vc_row][vc_column width=\u00bb1\/4&#8243;][ca_single_image hover_effect=\u00bboverlay\u00bb image_id=\u00bb3205&#8243; link=\u00bbhttps:\/\/www.facebook.com\/notes\/fundaci%C3%B3n-comunitaria-de-puerto-rico\/hogar-el-buen-pastor-gets-back-on-its-feet-to-support-its-community\/1422267837809740&#8243; title=\u00bbHogar El Buen Pastor\u00bb][ca_single_image hover_effect=\u00bboverlay\u00bb image_id=\u00bb3223&#8243; link=\u00bbhttps:\/\/www.facebook.com\/notes\/fundaci%C3%B3n-comunitaria-de-puerto-rico\/yauco-and-guayanilla-has-a-first-responder-in-cmtas\/1426108754092315&#8243; title=\u00bbCentro de Microempresas y Tecnolog\u00edas Agr\u00edcolas\u00bb][ca_single_image hover_effect=\u00bboverlay\u00bb image_id=\u00bb3232&#8243; link=\u00bbhttps:\/\/www.facebook.com\/notes\/fundaci%C3%B3n-comunitaria-de-puerto-rico\/caras-de-las-am%C3%A9ricas-takes-care-of-children-while-supporting-parents-in-cata%C3%B1o\/1432977053405485&#8243; title=\u00bbCaras de las Americas\u00bb][ca_single_image hover_effect=\u00bboverlay\u00bb image_id=\u00bb3242&#8243; link=\u00bbhttps:\/\/www.facebook.com\/notes\/fundaci%C3%B3n-comunitaria-de-puerto-rico\/can%C3%B3vanas-r%C3%ADo-grande-and-carolina-are-being-supported-by-primera-iglesia-bautist\/1443800898989767&#8243; title=\u00bbPrimera Iglesia Bautista de Peniel\u00bb][ca_single_image hover_effect=\u00bboverlay\u00bb image_id=\u00bb3244&#8243; link=\u00bbhttps:\/\/www.facebook.com\/notes\/fundaci%C3%B3n-comunitaria-de-puerto-rico\/surf4dem-is-riding-the-high-tide-for-their-communities\/1443805058989351&#8243; title=\u00bbSurf4Them\u00bb][ca_single_image hover_effect=\u00bboverlay\u00bb [&hellip;]<\/p>\n","protected":false},"author":1,"featured_media":0,"parent":0,"menu_order":0,"comment_status":"closed","ping_status":"closed","template":"","meta":{"give_campaign_id":0,"footnotes":""},"class_list":["post-3195","page","type-page","status-publish","hentry"],"yoast_head":"<!-- This site is optimized with the Yoast SEO Premium plugin v27.5 (Yoast SEO v27.5) - https:\/\/yoast.com\/product\/yoast-seo-premium-wordpress\/ -->\n<title>Ayudando las Comunidades - Fundaci\u00f3n Comunitaria de Puerto Rico<\/title>\n<meta name=\"robots\" content=\"index, follow, max-snippet:-1, max-image-preview:large, max-video-preview:-1\" \/>\n<link rel=\"canonical\" href=\"https:\/\/www.fcpr.org\/en\/helping-communities\/\" \/>\n<meta property=\"og:locale\" content=\"en_US\" \/>\n<meta property=\"og:type\" content=\"article\" \/>\n<meta property=\"og:title\" content=\"Ayudando las Comunidades\" \/>\n<meta property=\"og:description\" content=\"[vc_row][vc_column][ca_heading_title header_type=\u00bbsmall_large_title\u00bb text_align=\u00bbcenter\u00bb header_style=\u00bbdark\u00bb small_title=\u00bbFundaci\u00f3n Comunitaria de Puerto Rico\u00bb large_title=\u00bbAyudando a los primeros en responder a la comunidad\u00bb][\/vc_column][\/vc_row][vc_row][vc_column width=\u00bb1\/4&#8243;][ca_single_image hover_effect=\u00bboverlay\u00bb image_id=\u00bb3205&#8243; link=\u00bbhttps:\/\/www.facebook.com\/notes\/fundaci%C3%B3n-comunitaria-de-puerto-rico\/hogar-el-buen-pastor-gets-back-on-its-feet-to-support-its-community\/1422267837809740&#8243; title=\u00bbHogar El Buen Pastor\u00bb][ca_single_image hover_effect=\u00bboverlay\u00bb image_id=\u00bb3223&#8243; link=\u00bbhttps:\/\/www.facebook.com\/notes\/fundaci%C3%B3n-comunitaria-de-puerto-rico\/yauco-and-guayanilla-has-a-first-responder-in-cmtas\/1426108754092315&#8243; title=\u00bbCentro de Microempresas y Tecnolog\u00edas Agr\u00edcolas\u00bb][ca_single_image hover_effect=\u00bboverlay\u00bb image_id=\u00bb3232&#8243; link=\u00bbhttps:\/\/www.facebook.com\/notes\/fundaci%C3%B3n-comunitaria-de-puerto-rico\/caras-de-las-am%C3%A9ricas-takes-care-of-children-while-supporting-parents-in-cata%C3%B1o\/1432977053405485&#8243; title=\u00bbCaras de las Americas\u00bb][ca_single_image hover_effect=\u00bboverlay\u00bb image_id=\u00bb3242&#8243; link=\u00bbhttps:\/\/www.facebook.com\/notes\/fundaci%C3%B3n-comunitaria-de-puerto-rico\/can%C3%B3vanas-r%C3%ADo-grande-and-carolina-are-being-supported-by-primera-iglesia-bautist\/1443800898989767&#8243; title=\u00bbPrimera Iglesia Bautista de Peniel\u00bb][ca_single_image hover_effect=\u00bboverlay\u00bb image_id=\u00bb3244&#8243; link=\u00bbhttps:\/\/www.facebook.com\/notes\/fundaci%C3%B3n-comunitaria-de-puerto-rico\/surf4dem-is-riding-the-high-tide-for-their-communities\/1443805058989351&#8243; title=\u00bbSurf4Them\u00bb][ca_single_image hover_effect=\u00bboverlay\u00bb [&hellip;]\" \/>\n<meta property=\"og:url\" content=\"https:\/\/www.fcpr.org\/en\/helping-communities\/\" \/>\n<meta property=\"og:site_name\" content=\"Fundaci\u00f3n Comunitaria de Puerto Rico\" \/>\n<meta property=\"article:publisher\" content=\"https:\/\/www.facebook.com\/FundacionComunitaria\" \/>\n<meta property=\"article:modified_time\" content=\"2018-03-27T15:04:19+00:00\" \/>\n<meta name=\"twitter:card\" content=\"summary_large_image\" \/>\n<meta name=\"twitter:site\" content=\"@FComunitaria\" \/>\n<meta name=\"twitter:label1\" content=\"Est. reading time\" \/>\n\t<meta name=\"twitter:data1\" content=\"7 minutes\" \/>\n<script type=\"application\/ld+json\" class=\"yoast-schema-graph\">{\"@context\":\"https:\\\/\\\/schema.org\",\"@graph\":[{\"@type\":\"WebPage\",\"@id\":\"https:\\\/\\\/www.fcpr.org\\\/helping-communities\\\/\",\"url\":\"https:\\\/\\\/www.fcpr.org\\\/helping-communities\\\/\",\"name\":\"Ayudando las Comunidades - Fundaci\u00f3n Comunitaria de Puerto Rico\",\"isPartOf\":{\"@id\":\"https:\\\/\\\/www.fcpr.org\\\/#website\"},\"datePublished\":\"2017-12-30T21:33:30+00:00\",\"dateModified\":\"2018-03-27T15:04:19+00:00\",\"breadcrumb\":{\"@id\":\"https:\\\/\\\/www.fcpr.org\\\/helping-communities\\\/#breadcrumb\"},\"inLanguage\":\"en-US\",\"potentialAction\":[{\"@type\":\"ReadAction\",\"target\":[\"https:\\\/\\\/www.fcpr.org\\\/helping-communities\\\/\"]}]},{\"@type\":\"BreadcrumbList\",\"@id\":\"https:\\\/\\\/www.fcpr.org\\\/helping-communities\\\/#breadcrumb\",\"itemListElement\":[{\"@type\":\"ListItem\",\"position\":1,\"name\":\"Home\",\"item\":\"https:\\\/\\\/www.fcpr.org\\\/\"},{\"@type\":\"ListItem\",\"position\":2,\"name\":\"Ayudando las Comunidades\"}]},{\"@type\":\"WebSite\",\"@id\":\"https:\\\/\\\/www.fcpr.org\\\/#website\",\"url\":\"https:\\\/\\\/www.fcpr.org\\\/\",\"name\":\"Fundaci\u00f3n Comunitaria de Puerto Rico\",\"description\":\"Fortaleciendo el Capital Comunitario\",\"publisher\":{\"@id\":\"https:\\\/\\\/www.fcpr.org\\\/#organization\"},\"potentialAction\":[{\"@type\":\"SearchAction\",\"target\":{\"@type\":\"EntryPoint\",\"urlTemplate\":\"https:\\\/\\\/www.fcpr.org\\\/?s={search_term_string}\"},\"query-input\":{\"@type\":\"PropertyValueSpecification\",\"valueRequired\":true,\"valueName\":\"search_term_string\"}}],\"inLanguage\":\"en-US\"},{\"@type\":\"Organization\",\"@id\":\"https:\\\/\\\/www.fcpr.org\\\/#organization\",\"name\":\"Fundaci\u00f3n Comunitaria de Puerto Rico\",\"url\":\"https:\\\/\\\/www.fcpr.org\\\/\",\"logo\":{\"@type\":\"ImageObject\",\"inLanguage\":\"en-US\",\"@id\":\"https:\\\/\\\/www.fcpr.org\\\/#\\\/schema\\\/logo\\\/image\\\/\",\"url\":\"https:\\\/\\\/www.fcpr.org\\\/wp-content\\\/uploads\\\/2016\\\/08\\\/logo-corp-red.png\",\"contentUrl\":\"https:\\\/\\\/www.fcpr.org\\\/wp-content\\\/uploads\\\/2016\\\/08\\\/logo-corp-red.png\",\"width\":221,\"height\":32,\"caption\":\"Fundaci\u00f3n Comunitaria de Puerto Rico\"},\"image\":{\"@id\":\"https:\\\/\\\/www.fcpr.org\\\/#\\\/schema\\\/logo\\\/image\\\/\"},\"sameAs\":[\"https:\\\/\\\/www.facebook.com\\\/FundacionComunitaria\",\"https:\\\/\\\/x.com\\\/FComunitaria\",\"https:\\\/\\\/www.instagram.com\\\/fundacioncomunitaria\\\/\",\"https:\\\/\\\/www.youtube.com\\\/channel\\\/UCGGW21eIGw6NRin0BrylmWg\"]}]}<\/script>\n<!-- \/ Yoast SEO Premium plugin. -->","yoast_head_json":{"title":"Ayudando las Comunidades - Fundaci\u00f3n Comunitaria de Puerto Rico","robots":{"index":"index","follow":"follow","max-snippet":"max-snippet:-1","max-image-preview":"max-image-preview:large","max-video-preview":"max-video-preview:-1"},"canonical":"https:\/\/www.fcpr.org\/en\/helping-communities\/","og_locale":"en_US","og_type":"article","og_title":"Ayudando las Comunidades","og_description":"[vc_row][vc_column][ca_heading_title header_type=\u00bbsmall_large_title\u00bb text_align=\u00bbcenter\u00bb header_style=\u00bbdark\u00bb small_title=\u00bbFundaci\u00f3n Comunitaria de Puerto Rico\u00bb large_title=\u00bbAyudando a los primeros en responder a la comunidad\u00bb][\/vc_column][\/vc_row][vc_row][vc_column width=\u00bb1\/4&#8243;][ca_single_image hover_effect=\u00bboverlay\u00bb image_id=\u00bb3205&#8243; link=\u00bbhttps:\/\/www.facebook.com\/notes\/fundaci%C3%B3n-comunitaria-de-puerto-rico\/hogar-el-buen-pastor-gets-back-on-its-feet-to-support-its-community\/1422267837809740&#8243; title=\u00bbHogar El Buen Pastor\u00bb][ca_single_image hover_effect=\u00bboverlay\u00bb image_id=\u00bb3223&#8243; link=\u00bbhttps:\/\/www.facebook.com\/notes\/fundaci%C3%B3n-comunitaria-de-puerto-rico\/yauco-and-guayanilla-has-a-first-responder-in-cmtas\/1426108754092315&#8243; title=\u00bbCentro de Microempresas y Tecnolog\u00edas Agr\u00edcolas\u00bb][ca_single_image hover_effect=\u00bboverlay\u00bb image_id=\u00bb3232&#8243; link=\u00bbhttps:\/\/www.facebook.com\/notes\/fundaci%C3%B3n-comunitaria-de-puerto-rico\/caras-de-las-am%C3%A9ricas-takes-care-of-children-while-supporting-parents-in-cata%C3%B1o\/1432977053405485&#8243; title=\u00bbCaras de las Americas\u00bb][ca_single_image hover_effect=\u00bboverlay\u00bb image_id=\u00bb3242&#8243; link=\u00bbhttps:\/\/www.facebook.com\/notes\/fundaci%C3%B3n-comunitaria-de-puerto-rico\/can%C3%B3vanas-r%C3%ADo-grande-and-carolina-are-being-supported-by-primera-iglesia-bautist\/1443800898989767&#8243; title=\u00bbPrimera Iglesia Bautista de Peniel\u00bb][ca_single_image hover_effect=\u00bboverlay\u00bb image_id=\u00bb3244&#8243; link=\u00bbhttps:\/\/www.facebook.com\/notes\/fundaci%C3%B3n-comunitaria-de-puerto-rico\/surf4dem-is-riding-the-high-tide-for-their-communities\/1443805058989351&#8243; title=\u00bbSurf4Them\u00bb][ca_single_image hover_effect=\u00bboverlay\u00bb [&hellip;]","og_url":"https:\/\/www.fcpr.org\/en\/helping-communities\/","og_site_name":"Fundaci\u00f3n Comunitaria de Puerto Rico","article_publisher":"https:\/\/www.facebook.com\/FundacionComunitaria","article_modified_time":"2018-03-27T15:04:19+00:00","twitter_card":"summary_large_image","twitter_site":"@FComunitaria","twitter_misc":{"Est. reading time":"7 minutes"},"schema":{"@context":"https:\/\/schema.org","@graph":[{"@type":"WebPage","@id":"https:\/\/www.fcpr.org\/helping-communities\/","url":"https:\/\/www.fcpr.org\/helping-communities\/","name":"Ayudando las Comunidades - Fundaci\u00f3n Comunitaria de Puerto Rico","isPartOf":{"@id":"https:\/\/www.fcpr.org\/#website"},"datePublished":"2017-12-30T21:33:30+00:00","dateModified":"2018-03-27T15:04:19+00:00","breadcrumb":{"@id":"https:\/\/www.fcpr.org\/helping-communities\/#breadcrumb"},"inLanguage":"en-US","potentialAction":[{"@type":"ReadAction","target":["https:\/\/www.fcpr.org\/helping-communities\/"]}]},{"@type":"BreadcrumbList","@id":"https:\/\/www.fcpr.org\/helping-communities\/#breadcrumb","itemListElement":[{"@type":"ListItem","position":1,"name":"Home","item":"https:\/\/www.fcpr.org\/"},{"@type":"ListItem","position":2,"name":"Ayudando las Comunidades"}]},{"@type":"WebSite","@id":"https:\/\/www.fcpr.org\/#website","url":"https:\/\/www.fcpr.org\/","name":"Puerto Rico Community Foundation","description":"Strengthening Community Capital","publisher":{"@id":"https:\/\/www.fcpr.org\/#organization"},"potentialAction":[{"@type":"SearchAction","target":{"@type":"EntryPoint","urlTemplate":"https:\/\/www.fcpr.org\/?s={search_term_string}"},"query-input":{"@type":"PropertyValueSpecification","valueRequired":true,"valueName":"search_term_string"}}],"inLanguage":"en-US"},{"@type":"Organization","@id":"https:\/\/www.fcpr.org\/#organization","name":"Puerto Rico Community Foundation","url":"https:\/\/www.fcpr.org\/","logo":{"@type":"ImageObject","inLanguage":"en-US","@id":"https:\/\/www.fcpr.org\/#\/schema\/logo\/image\/","url":"https:\/\/www.fcpr.org\/wp-content\/uploads\/2016\/08\/logo-corp-red.png","contentUrl":"https:\/\/www.fcpr.org\/wp-content\/uploads\/2016\/08\/logo-corp-red.png","width":221,"height":32,"caption":"Fundaci\u00f3n Comunitaria de Puerto Rico"},"image":{"@id":"https:\/\/www.fcpr.org\/#\/schema\/logo\/image\/"},"sameAs":["https:\/\/www.facebook.com\/FundacionComunitaria","https:\/\/x.com\/FComunitaria","https:\/\/www.instagram.com\/fundacioncomunitaria\/","https:\/\/www.youtube.com\/channel\/UCGGW21eIGw6NRin0BrylmWg"]}]}},"campaignId":"","_links":{"self":[{"href":"https:\/\/www.fcpr.org\/en\/wp-json\/wp\/v2\/pages\/3195","targetHints":{"allow":["GET"]}}],"collection":[{"href":"https:\/\/www.fcpr.org\/en\/wp-json\/wp\/v2\/pages"}],"about":[{"href":"https:\/\/www.fcpr.org\/en\/wp-json\/wp\/v2\/types\/page"}],"author":[{"embeddable":true,"href":"https:\/\/www.fcpr.org\/en\/wp-json\/wp\/v2\/users\/1"}],"replies":[{"embeddable":true,"href":"https:\/\/www.fcpr.org\/en\/wp-json\/wp\/v2\/comments?post=3195"}],"version-history":[{"count":77,"href":"https:\/\/www.fcpr.org\/en\/wp-json\/wp\/v2\/pages\/3195\/revisions"}],"predecessor-version":[{"id":3726,"href":"https:\/\/www.fcpr.org\/en\/wp-json\/wp\/v2\/pages\/3195\/revisions\/3726"}],"wp:attachment":[{"href":"https:\/\/www.fcpr.org\/en\/wp-json\/wp\/v2\/media?parent=3195"}],"curies":[{"name":"wp","href":"https:\/\/api.w.org\/{rel}","templated":true}]}}