{"id":4708,"date":"2018-08-28T23:42:12","date_gmt":"2018-08-28T23:42:12","guid":{"rendered":"https:\/\/fcpr.org\/?page_id=4708"},"modified":"2018-08-28T23:42:21","modified_gmt":"2018-08-28T23:42:21","slug":"politica-de-privacidad","status":"publish","type":"page","link":"https:\/\/www.fcpr.org\/en\/politica-de-privacidad\/","title":{"rendered":"Privacy Policy"},"content":{"rendered":"<p><b>Pol\u00edtica de Privacidad y de Protecci\u00f3n de Datos Personales:<\/b><\/p>\n<p>Para usar y acceder a nuestra p\u00e1gina cibern\u00e9tica, no es necesario que los usuarios compartan informaci\u00f3n personal.<span class=\"Apple-converted-space\">\u00a0 <\/span>Sin embargo, en aquellos casos donde el usuario desee proveernos con sus datos personales, nuestra p\u00e1gina cibern\u00e9tica est\u00e1 dise\u00f1ada para proteger su informaci\u00f3n personal con el prop\u00f3sito de que su experiencia sea lo m\u00e1s segura posible.<span class=\"Apple-converted-space\">\u00a0<\/span><\/p>\n<p>Los datos que se recopilan en nuestra p\u00e1gina son: nombres y apellidos, direcci\u00f3n f\u00edsica o postal, c\u00f3digo postal y direcci\u00f3n de correo electr\u00f3nico.<span class=\"Apple-converted-space\">\u00a0 <\/span>Sin embargo, con el prop\u00f3sito de salvaguardar la informaci\u00f3n provista por el usuario, terceras entidades no est\u00e1n autorizadas a recopilar dicha informaci\u00f3n personal, a menos que sea requerido por ley u orden del Tribunal.<span class=\"Apple-converted-space\">\u00a0 <\/span>Esto garantiza que la experiencia del usuario sea una segura y libre de preocupaciones.<span class=\"Apple-converted-space\">\u00a0<\/span><\/p>\n<p>Como m\u00e9todo preventivo, nuestra p\u00e1gina cibern\u00e9tica responde a se\u00f1ales de \u201cDo Not Track\u201d provistas por el usuario.<span class=\"Apple-converted-space\">\u00a0 <\/span>La opci\u00f3n de \u201cDo Not Track\u201d le permite al usuario navegar y utilizar nuestra p\u00e1gina cibern\u00e9tica sin ser observado.<\/p>\n<p>La Fundaci\u00f3n Comunitaria de Puerto Rico se reserva el derecho a enmendar los t\u00e9rminos de la<span class=\"Apple-converted-space\">\u00a0 <\/span>Pol\u00edtica de Privacidad de su p\u00e1gina web con el prop\u00f3sito de cumplir enteramente con las leyes aplicables de Puerto Rico. Toda enmienda a esta Pol\u00edtica de Privacidad se notificar\u00e1 en la parte inferior de esta p\u00e1gina donde el usuario podr\u00e1 verificar el d\u00eda del \u00faltimo cambio a nuestra pol\u00edtica.<\/p>\n<p>De surgir alg\u00fan cambio o necesidad para revisar la informaci\u00f3n personal provista, el usuario puede comunicarse a la siguiente direcci\u00f3n de correo electr\u00f3nico:<span class=\"Apple-converted-space\">\u00a0 <\/span>HYPERLINK \u00abmailto:comunicaciones@fcpr.org\u00bb comunicaciones@fcpr.org.<span class=\"Apple-converted-space\">\u00a0<\/span><\/p>\n<p>[\u00daltima actualizaci\u00f3n: jueves, 5 de julio de 2018]<\/p>\n<p><b>Privacy Policy:<\/b><\/p>\n<p>In order to use and access our web site, the user is not required to provide any personal information.<span class=\"Apple-converted-space\">\u00a0 <\/span>However, if a user wishes to provide us with personal information, our web site is designed to protect said information in order to provide you with a safest possible experience.<span class=\"Apple-converted-space\">\u00a0<\/span><\/p>\n<p>The personal information that we collect in our web site includes: names and surnames, physical and postal addresses, zip codes, and email addresses.<span class=\"Apple-converted-space\">\u00a0 <\/span>However, in order to ensure that your information is secure, our web site does not share this data to third parties, unless required by law or court-mandated.<span class=\"Apple-converted-space\">\u00a0 <\/span>This ensures that your experience using this web site will be as safe as possible and worry-free.<span class=\"Apple-converted-space\">\u00a0<\/span><\/p>\n<p>As an alternative, our web site responds to \u201cDo Not Track\u201d requests.<span class=\"Apple-converted-space\">\u00a0 <\/span>This option allows the user to navigate and use our web site without being tracked.<span class=\"Apple-converted-space\">\u00a0<\/span><\/p>\n<p>The Puerto Rico Community Foundation reserves the right to amend this web site\u2019s Privacy Policy terms with the intention of complying fully with the applicable provisions of Puerto Rico law. Changes to this Privacy Policy shall be notified in the lower portion of this web page where the user may check the date in which the last changes were made to our policies. <span class=\"Apple-converted-space\">\u00a0<\/span><\/p>\n<p>Should any change or need to revise personal information provided be required, please let us know by sending us an email to the following address:<span class=\"Apple-converted-space\">\u00a0 <\/span>HYPERLINK \u00abmailto:comunicaciones@fcpr.org\u00bb comunicaciones@fcpr.org<span class=\"Apple-converted-space\">\u00a0<\/span><\/p>\n<p>[Last Update: July 5, 2018]<\/p>\n","protected":false},"excerpt":{"rendered":"<p>Pol\u00edtica de Privacidad y de Protecci\u00f3n de Datos Personales: Para usar y acceder a nuestra p\u00e1gina cibern\u00e9tica, no es necesario que los usuarios compartan informaci\u00f3n personal.\u00a0 Sin embargo, en aquellos casos donde el usuario desee proveernos con sus datos personales, nuestra p\u00e1gina cibern\u00e9tica est\u00e1 dise\u00f1ada para proteger su informaci\u00f3n personal con el prop\u00f3sito de que [&hellip;]<\/p>\n","protected":false},"author":1,"featured_media":0,"parent":0,"menu_order":0,"comment_status":"closed","ping_status":"closed","template":"","meta":{"give_campaign_id":0,"footnotes":""},"class_list":["post-4708","page","type-page","status-publish","hentry"],"yoast_head":"<!-- This site is optimized with the Yoast SEO Premium plugin v27.5 (Yoast SEO v27.5) - https:\/\/yoast.com\/product\/yoast-seo-premium-wordpress\/ -->\n<title>Pol\u00edtica de Privacidad - Fundaci\u00f3n Comunitaria de Puerto Rico<\/title>\n<meta name=\"robots\" content=\"index, follow, max-snippet:-1, max-image-preview:large, max-video-preview:-1\" \/>\n<link rel=\"canonical\" href=\"https:\/\/www.fcpr.org\/en\/politica-de-privacidad\/\" \/>\n<meta property=\"og:locale\" content=\"en_US\" \/>\n<meta property=\"og:type\" content=\"article\" \/>\n<meta property=\"og:title\" content=\"Pol\u00edtica de Privacidad\" \/>\n<meta property=\"og:description\" content=\"Pol\u00edtica de Privacidad y de Protecci\u00f3n de Datos Personales: Para usar y acceder a nuestra p\u00e1gina cibern\u00e9tica, no es necesario que los usuarios compartan informaci\u00f3n personal.\u00a0 Sin embargo, en aquellos casos donde el usuario desee proveernos con sus datos personales, nuestra p\u00e1gina cibern\u00e9tica est\u00e1 dise\u00f1ada para proteger su informaci\u00f3n personal con el prop\u00f3sito de que [&hellip;]\" \/>\n<meta property=\"og:url\" content=\"https:\/\/www.fcpr.org\/en\/politica-de-privacidad\/\" \/>\n<meta property=\"og:site_name\" content=\"Fundaci\u00f3n Comunitaria de Puerto Rico\" \/>\n<meta property=\"article:publisher\" content=\"https:\/\/www.facebook.com\/FundacionComunitaria\" \/>\n<meta property=\"article:modified_time\" content=\"2018-08-28T23:42:21+00:00\" \/>\n<meta name=\"twitter:card\" content=\"summary_large_image\" \/>\n<meta name=\"twitter:site\" content=\"@FComunitaria\" \/>\n<meta name=\"twitter:label1\" content=\"Est. reading time\" \/>\n\t<meta name=\"twitter:data1\" content=\"3 minutes\" \/>\n<script type=\"application\/ld+json\" class=\"yoast-schema-graph\">{\"@context\":\"https:\\\/\\\/schema.org\",\"@graph\":[{\"@type\":\"WebPage\",\"@id\":\"https:\\\/\\\/www.fcpr.org\\\/politica-de-privacidad\\\/\",\"url\":\"https:\\\/\\\/www.fcpr.org\\\/politica-de-privacidad\\\/\",\"name\":\"Pol\u00edtica de Privacidad - Fundaci\u00f3n Comunitaria de Puerto Rico\",\"isPartOf\":{\"@id\":\"https:\\\/\\\/www.fcpr.org\\\/#website\"},\"datePublished\":\"2018-08-28T23:42:12+00:00\",\"dateModified\":\"2018-08-28T23:42:21+00:00\",\"breadcrumb\":{\"@id\":\"https:\\\/\\\/www.fcpr.org\\\/politica-de-privacidad\\\/#breadcrumb\"},\"inLanguage\":\"en-US\",\"potentialAction\":[{\"@type\":\"ReadAction\",\"target\":[\"https:\\\/\\\/www.fcpr.org\\\/politica-de-privacidad\\\/\"]}]},{\"@type\":\"BreadcrumbList\",\"@id\":\"https:\\\/\\\/www.fcpr.org\\\/politica-de-privacidad\\\/#breadcrumb\",\"itemListElement\":[{\"@type\":\"ListItem\",\"position\":1,\"name\":\"Home\",\"item\":\"https:\\\/\\\/www.fcpr.org\\\/\"},{\"@type\":\"ListItem\",\"position\":2,\"name\":\"Pol\u00edtica de Privacidad\"}]},{\"@type\":\"WebSite\",\"@id\":\"https:\\\/\\\/www.fcpr.org\\\/#website\",\"url\":\"https:\\\/\\\/www.fcpr.org\\\/\",\"name\":\"Fundaci\u00f3n Comunitaria de Puerto Rico\",\"description\":\"Fortaleciendo el Capital Comunitario\",\"publisher\":{\"@id\":\"https:\\\/\\\/www.fcpr.org\\\/#organization\"},\"potentialAction\":[{\"@type\":\"SearchAction\",\"target\":{\"@type\":\"EntryPoint\",\"urlTemplate\":\"https:\\\/\\\/www.fcpr.org\\\/?s={search_term_string}\"},\"query-input\":{\"@type\":\"PropertyValueSpecification\",\"valueRequired\":true,\"valueName\":\"search_term_string\"}}],\"inLanguage\":\"en-US\"},{\"@type\":\"Organization\",\"@id\":\"https:\\\/\\\/www.fcpr.org\\\/#organization\",\"name\":\"Fundaci\u00f3n Comunitaria de Puerto Rico\",\"url\":\"https:\\\/\\\/www.fcpr.org\\\/\",\"logo\":{\"@type\":\"ImageObject\",\"inLanguage\":\"en-US\",\"@id\":\"https:\\\/\\\/www.fcpr.org\\\/#\\\/schema\\\/logo\\\/image\\\/\",\"url\":\"https:\\\/\\\/www.fcpr.org\\\/wp-content\\\/uploads\\\/2016\\\/08\\\/logo-corp-red.png\",\"contentUrl\":\"https:\\\/\\\/www.fcpr.org\\\/wp-content\\\/uploads\\\/2016\\\/08\\\/logo-corp-red.png\",\"width\":221,\"height\":32,\"caption\":\"Fundaci\u00f3n Comunitaria de Puerto Rico\"},\"image\":{\"@id\":\"https:\\\/\\\/www.fcpr.org\\\/#\\\/schema\\\/logo\\\/image\\\/\"},\"sameAs\":[\"https:\\\/\\\/www.facebook.com\\\/FundacionComunitaria\",\"https:\\\/\\\/x.com\\\/FComunitaria\",\"https:\\\/\\\/www.instagram.com\\\/fundacioncomunitaria\\\/\",\"https:\\\/\\\/www.youtube.com\\\/channel\\\/UCGGW21eIGw6NRin0BrylmWg\"]}]}<\/script>\n<!-- \/ Yoast SEO Premium plugin. -->","yoast_head_json":{"title":"Pol\u00edtica de Privacidad - Fundaci\u00f3n Comunitaria de Puerto Rico","robots":{"index":"index","follow":"follow","max-snippet":"max-snippet:-1","max-image-preview":"max-image-preview:large","max-video-preview":"max-video-preview:-1"},"canonical":"https:\/\/www.fcpr.org\/en\/politica-de-privacidad\/","og_locale":"en_US","og_type":"article","og_title":"Pol\u00edtica de Privacidad","og_description":"Pol\u00edtica de Privacidad y de Protecci\u00f3n de Datos Personales: Para usar y acceder a nuestra p\u00e1gina cibern\u00e9tica, no es necesario que los usuarios compartan informaci\u00f3n personal.\u00a0 Sin embargo, en aquellos casos donde el usuario desee proveernos con sus datos personales, nuestra p\u00e1gina cibern\u00e9tica est\u00e1 dise\u00f1ada para proteger su informaci\u00f3n personal con el prop\u00f3sito de que [&hellip;]","og_url":"https:\/\/www.fcpr.org\/en\/politica-de-privacidad\/","og_site_name":"Fundaci\u00f3n Comunitaria de Puerto Rico","article_publisher":"https:\/\/www.facebook.com\/FundacionComunitaria","article_modified_time":"2018-08-28T23:42:21+00:00","twitter_card":"summary_large_image","twitter_site":"@FComunitaria","twitter_misc":{"Est. reading time":"3 minutes"},"schema":{"@context":"https:\/\/schema.org","@graph":[{"@type":"WebPage","@id":"https:\/\/www.fcpr.org\/politica-de-privacidad\/","url":"https:\/\/www.fcpr.org\/politica-de-privacidad\/","name":"Pol\u00edtica de Privacidad - Fundaci\u00f3n Comunitaria de Puerto Rico","isPartOf":{"@id":"https:\/\/www.fcpr.org\/#website"},"datePublished":"2018-08-28T23:42:12+00:00","dateModified":"2018-08-28T23:42:21+00:00","breadcrumb":{"@id":"https:\/\/www.fcpr.org\/politica-de-privacidad\/#breadcrumb"},"inLanguage":"en-US","potentialAction":[{"@type":"ReadAction","target":["https:\/\/www.fcpr.org\/politica-de-privacidad\/"]}]},{"@type":"BreadcrumbList","@id":"https:\/\/www.fcpr.org\/politica-de-privacidad\/#breadcrumb","itemListElement":[{"@type":"ListItem","position":1,"name":"Home","item":"https:\/\/www.fcpr.org\/"},{"@type":"ListItem","position":2,"name":"Pol\u00edtica de Privacidad"}]},{"@type":"WebSite","@id":"https:\/\/www.fcpr.org\/#website","url":"https:\/\/www.fcpr.org\/","name":"Puerto Rico Community Foundation","description":"Strengthening Community Capital","publisher":{"@id":"https:\/\/www.fcpr.org\/#organization"},"potentialAction":[{"@type":"SearchAction","target":{"@type":"EntryPoint","urlTemplate":"https:\/\/www.fcpr.org\/?s={search_term_string}"},"query-input":{"@type":"PropertyValueSpecification","valueRequired":true,"valueName":"search_term_string"}}],"inLanguage":"en-US"},{"@type":"Organization","@id":"https:\/\/www.fcpr.org\/#organization","name":"Puerto Rico Community Foundation","url":"https:\/\/www.fcpr.org\/","logo":{"@type":"ImageObject","inLanguage":"en-US","@id":"https:\/\/www.fcpr.org\/#\/schema\/logo\/image\/","url":"https:\/\/www.fcpr.org\/wp-content\/uploads\/2016\/08\/logo-corp-red.png","contentUrl":"https:\/\/www.fcpr.org\/wp-content\/uploads\/2016\/08\/logo-corp-red.png","width":221,"height":32,"caption":"Fundaci\u00f3n Comunitaria de Puerto Rico"},"image":{"@id":"https:\/\/www.fcpr.org\/#\/schema\/logo\/image\/"},"sameAs":["https:\/\/www.facebook.com\/FundacionComunitaria","https:\/\/x.com\/FComunitaria","https:\/\/www.instagram.com\/fundacioncomunitaria\/","https:\/\/www.youtube.com\/channel\/UCGGW21eIGw6NRin0BrylmWg"]}]}},"campaignId":"","_links":{"self":[{"href":"https:\/\/www.fcpr.org\/en\/wp-json\/wp\/v2\/pages\/4708","targetHints":{"allow":["GET"]}}],"collection":[{"href":"https:\/\/www.fcpr.org\/en\/wp-json\/wp\/v2\/pages"}],"about":[{"href":"https:\/\/www.fcpr.org\/en\/wp-json\/wp\/v2\/types\/page"}],"author":[{"embeddable":true,"href":"https:\/\/www.fcpr.org\/en\/wp-json\/wp\/v2\/users\/1"}],"replies":[{"embeddable":true,"href":"https:\/\/www.fcpr.org\/en\/wp-json\/wp\/v2\/comments?post=4708"}],"version-history":[{"count":1,"href":"https:\/\/www.fcpr.org\/en\/wp-json\/wp\/v2\/pages\/4708\/revisions"}],"predecessor-version":[{"id":4709,"href":"https:\/\/www.fcpr.org\/en\/wp-json\/wp\/v2\/pages\/4708\/revisions\/4709"}],"wp:attachment":[{"href":"https:\/\/www.fcpr.org\/en\/wp-json\/wp\/v2\/media?parent=4708"}],"curies":[{"name":"wp","href":"https:\/\/api.w.org\/{rel}","templated":true}]}}