{"id":7460,"date":"2020-03-19T13:31:26","date_gmt":"2020-03-19T13:31:26","guid":{"rendered":"https:\/\/fcpr.org\/?page_id=7460"},"modified":"2022-08-11T15:11:58","modified_gmt":"2022-08-11T15:11:58","slug":"home","status":"publish","type":"page","link":"https:\/\/www.fcpr.org\/en\/home\/","title":{"rendered":"Home"},"content":{"rendered":"<p>[vc_row full_width=\u00bbstretch_row\u00bb][vc_column width=\u00bb2\/3&#8243;][vc_column_text css=\u00bb.vc_custom_1641836559149{margin-top: 40px !important;}\u00bb]<\/p>\n<h2><span lang=\"EN\">Connecting donors with their causes\u00a0\u00a0<\/span><\/h2>\n<p><span lang=\"EN\"><strong>Fundaci\u00f3n Comunitaria de Puerto Rico<\/strong> has allowed donors to contribute with the development of Puerto Rican communities. Individuals, families, corporations and foundations have found the ideal philanthropic partner in the Foundation, to facilitate their support to the causes that matter to them the most, through the establishment, custody and administration of funds. <a href=\"https:\/\/fcpr.org\/establish-a-fund\/\">Learn more.\u00a0<\/a><\/span>[\/vc_column_text][vc_single_image image=\u00bb9840&#8243; img_size=\u00bblarge\u00bb onclick=\u00bbcustom_link\u00bb link=\u00bbhttps:\/\/fcpr.org\/establish-a-fund\/\u00bb css=\u00bb.vc_custom_1641836320654{margin-top: -20px !important;}\u00bb][vc_row_inner][vc_column_inner width=\u00bb1\/2&#8243;][vc_btn title=\u00bbDONATE NOW\u00bb style=\u00bbflat\u00bb shape=\u00bbsquare\u00bb color=\u00bbwarning\u00bb align=\u00bbcenter\u00bb i_icon_fontawesome=\u00bbfas fa-donate\u00bb button_block=\u00bbtrue\u00bb add_icon=\u00bbtrue\u00bb link=\u00bburl:https%3A%2F%2Fwww.fcpr.org%2Fdonate-2%2F|title:I%20Want%20to%20Donate\u00bb][\/vc_column_inner][vc_column_inner width=\u00bb1\/2&#8243;][vc_btn title=\u00bbGRANTS\u00bb style=\u00bbflat\u00bb shape=\u00bbsquare\u00bb color=\u00bbsuccess\u00bb align=\u00bbcenter\u00bb i_icon_fontawesome=\u00bbfas fa-hands-helping\u00bb button_block=\u00bbtrue\u00bb add_icon=\u00bbtrue\u00bb link=\u00bburl:https%3A%2F%2Fwww.fcpr.org%2Fgrants%2F|title:GRANTS\u00bb][\/vc_column_inner][vc_column_inner][\/vc_column_inner][\/vc_row_inner][\/vc_column][vc_column width=\u00bb1\/3&#8243; css=\u00bb.vc_custom_1590181623622{margin-top: 40px !important;}\u00bb][vc_single_image image=\u00bb6758&#8243; img_size=\u00bbmedium\u00bb onclick=\u00bbcustom_link\u00bb link=\u00bbhttps:\/\/fcpr.org\/approaches\/#1585662375864-c1aef5be-2f8a\u00bb][vc_column_text css=\u00bb.vc_custom_1641570954971{margin-bottom: 40px !important;}\u00bb]<\/p>\n<h3>Supporting non-profit organizations<\/h3>\n<p><span lang=\"EN\">With grants, training, technical assistance and financing, and students with scholarships. <a href=\"https:\/\/fcpr.org\/approaches\/\">Learn more here<\/a> about our programs: Renewable Energy, Water, Economic Development, Housing and Education.\u00a0<\/span>[\/vc_column_text][vc_single_image image=\u00bb9930&#8243; img_size=\u00bbmedium\u00bb onclick=\u00bbcustom_link\u00bb link=\u00bbhttps:\/\/fcpr.org\/donate-2\/\u00bb css=\u00bb.vc_custom_1641568787069{margin-top: 40px !important;}\u00bb][vc_column_text]<\/p>\n<h3><strong>You can support our operation, philanthropic funds, or programs!<\/strong><\/h3>\n<p>Your support, will allow us to continue developing the capacities of communities in Puerto Rico to accomplish their social transformation and economic self-sufficiency.<a href=\"https:\/\/fcpr.org\/donate-2\/\">\u00a0Donate here.\u00a0<\/a>[\/vc_column_text][\/vc_column][\/vc_row][vc_row full_width=\u00bbstretch_row\u00bb css=\u00bb.vc_custom_1532216234873{background-color: #7f7f7f !important;}\u00bb][vc_column width=\u00bb2\/3&#8243; css=\u00bb.vc_custom_1532215978086{background-color: #7cbf49 !important;}\u00bb][vc_custom_heading text=\u00bbStrengthening Community Capital\u00bb font_container=\u00bbtag:h2|text_align:left|color:%23ffffff\u00bb use_theme_fonts=\u00bbyes\u00bb][\/vc_column][vc_column width=\u00bb1\/3&#8243;][vc_custom_heading text=\u00bbTo reach equity, social justice, and community prosperity\u00bb font_container=\u00bbtag:h4|text_align:left|color:%23ffffff\u00bb use_theme_fonts=\u00bbyes\u00bb][\/vc_column][\/vc_row][vc_row][vc_column width=\u00bb2\/3&#8243;][ca_recent_posts categories=\u00bbcomunicados\u00bb layout=\u00bbziczac\u00bb number_posts=\u00bb2&#8243; show_paging=\u00bbno\u00bb][\/vc_column][vc_column width=\u00bb1\/3&#8243;][vc_custom_heading text=\u00bbSOCIAL MEDIA\u00bb font_container=\u00bbtag:h3|text_align:left\u00bb use_theme_fonts=\u00bbyes\u00bb][vc_zigzag css_animation=\u00bbfadeInLeft\u00bb][ca_socials style=\u00bbicontext\u00bb facebook=\u00bbFundacionComunitaria\u00bb twitter=\u00bbFComunitaria\u00bb instagram=\u00bbfundacioncomunitaria\u00bb youtube=\u00bbchannel\/UCGGW21eIGw6NRin0BrylmWg\u00bb][vc_raw_html]JTVCY3VzdG9tLWZhY2Vib29rLWZlZWQlNUQ=[\/vc_raw_html][vc_raw_html]JTNDZGl2JTIwaWQlM0QlMjJhbXpuQ2hhcml0eUJhbm5lciUyMiUzRSUzQ3NjcmlwdCUyMHR5cGUlM0QlMjJ0ZXh0JTJGamF2YXNjcmlwdCUyMiUzRSUyOGZ1bmN0aW9uJTI4JTI5JTIwJTdCdmFyJTIwaUZyYW1lJTIwJTNEJTIwZG9jdW1lbnQuY3JlYXRlRWxlbWVudCUyOCUyN2lmcmFtZSUyNyUyOSUzQiUyMGlGcmFtZS5zdHlsZS5kaXNwbGF5JTIwJTNEJTIwJTI3bm9uZSUyNyUzQiUyMGlGcmFtZS5zdHlsZS5ib3JkZXIlMjAlM0QlMjAlMjJub25lJTIyJTNCJTIwaUZyYW1lLndpZHRoJTIwJTNEJTIwMzEwJTNCJTIwaUZyYW1lLmhlaWdodCUyMCUzRCUyMDI1NiUzQiUyMGlGcmFtZS5zZXRBdHRyaWJ1dGUlMjAlMjYlMjYlMjBpRnJhbWUuc2V0QXR0cmlidXRlJTI4JTI3c2Nyb2xsaW5nJTI3JTJDJTIwJTI3bm8lMjclMjklM0IlMjBpRnJhbWUuc2V0QXR0cmlidXRlJTI4JTI3ZnJhbWVib3JkZXIlMjclMkMlMjAlMjcwJTI3JTI5JTNCJTIwc2V0VGltZW91dCUyOGZ1bmN0aW9uJTI4JTI5JTIwJTdCdmFyJTIwY29udGVudHMlMjAlM0QlMjAlMjhpRnJhbWUuY29udGVudFdpbmRvdyUyOSUyMCUzRiUyMGlGcmFtZS5jb250ZW50V2luZG93JTIwJTNBJTIwJTI4aUZyYW1lLmNvbnRlbnREb2N1bWVudC5kb2N1bWVudCUyOSUyMCUzRiUyMGlGcmFtZS5jb250ZW50RG9jdW1lbnQuZG9jdW1lbnQlMjAlM0ElMjBpRnJhbWUuY29udGVudERvY3VtZW50JTNCJTIwY29udGVudHMuZG9jdW1lbnQub3BlbiUyOCUyOSUzQiUyMGNvbnRlbnRzLmRvY3VtZW50LndyaXRlJTI4ZGVjb2RlVVJJQ29tcG9uZW50JTI4JTIyJTI1M0NkaXYlMjUyMGlkJTI1M0QlMjUyMmFtem5DaGFyaXR5QmFubmVySW5uZXIlMjUyMiUyNTNFJTI1M0NhJTI1MjBocmVmJTI1M0QlMjUyMmh0dHBzJTI1M0ElMjUyRiUyNTJGc21pbGUuYW1hem9uLmNvbSUyNTJGY2glMjUyRjY2LTA0MTMyMzAlMjUyMiUyNTIwdGFyZ2V0JTI1M0QlMjUyMl9ibGFuayUyNTIyJTI1M0UlMjUzQ2RpdiUyNTIwY2xhc3MlMjUzRCUyNTIydGV4dCUyNTIyJTI1MjBoZWlnaHQlMjUzRCUyNTIyJTI1MjIlMjUzRSUyNTNDZGl2JTI1MjBjbGFzcyUyNTNEJTI1MjJzdXBwb3J0LXdyYXBwZXIlMjUyMiUyNTNFJTI1M0NkaXYlMjUyMGNsYXNzJTI1M0QlMjUyMnN1cHBvcnQlMjUyMiUyNTIwc3R5bGUlMjUzRCUyNTIyZm9udC1zaXplJTI1M0ElMjUyMDIzcHglMjUzQiUyNTIwbGluZS1oZWlnaHQlMjUzQSUyNTIwMjZweCUyNTNCJTI1MjBtYXJnaW4tdG9wJTI1M0ElMjUyMDRweCUyNTNCJTI1MjBtYXJnaW4tYm90dG9tJTI1M0ElMjUyMDRweCUyNTNCJTI1MjIlMjUzRVN1cHBvcnQlMjUyMCUyNTNDc3BhbiUyNTIwaWQlMjUzRCUyNTIyY2hhcml0eS1uYW1lJTI1MjIlMjUyMHN0eWxlJTI1M0QlMjUyMmRpc3BsYXklMjUzQSUyNTIwaW5saW5lLWJsb2NrJTI1M0IlMjUyMiUyNTNFUHVlcnRvJTI1MjBSaWNvJTI1MjBDb21tdW5pdHklMjUyMEZvdW5kYXRpb24uJTI1M0MlMjUyRnNwYW4lMjUzRSUyNTNDJTI1MkZkaXYlMjUzRSUyNTNDJTI1MkZkaXYlMjUzRSUyNTNDcCUyNTIwY2xhc3MlMjUzRCUyNTIyd2hlbi1zaG9wJTI1MjIlMjUzRVdoZW4lMjUyMHlvdSUyNTIwc2hvcCUyNTIwYXQlMjUyMHNtaWxlLmFtYXpvbi5jb20lMjUyQyUyNTNDJTI1MkZwJTI1M0UlMjUzQ3AlMjUyMGNsYXNzJTI1M0QlMjUyMmRvbmF0ZXMlMjUyMiUyNTNFQW1hem9uJTI1MjBkb25hdGVzLiUyNTNDJTI1MkZwJTI1M0UlMjUzQyUyNTJGZGl2JTI1M0UlMjUzQyUyNTJGYSUyNTNFJTI1M0MlMjUyRmRpdiUyNTNFJTI1M0NzdHlsZSUyNTNFJTI1MjNhbXpuQ2hhcml0eUJhbm5lcklubmVyJTI1N0JiYWNrZ3JvdW5kLWltYWdlJTI1M0F1cmwlMjhodHRwcyUyNTNBJTI1MkYlMjUyRmltYWdlcy1uYS5zc2wtaW1hZ2VzLWFtYXpvbi5jb20lMjUyRmltYWdlcyUyNTJGRyUyNTJGMDElMjUyRngtbG9jYWxlJTI1MkZwYWxhZGluJTI1MkZjaGFyaXR5Y2VudHJhbCUyNTJGYmFubmVyLWJhY2tncm91bmQtaW1hZ2UuX0NCNDg1OTIyMTM0Xy5wbmclMjklMjUzQndpZHRoJTI1M0EzMDBweCUyNTNCaGVpZ2h0JTI1M0EyNTBweCUyNTNCcG9zaXRpb24lMjUzQXJlbGF0aXZlJTI1N0QlMjUyM2Ftem5DaGFyaXR5QmFubmVySW5uZXIlMjUyMGElMjU3QmRpc3BsYXklMjUzQWJsb2NrJTI1M0J3aWR0aCUyNTNBMTAwJTI1MjUlMjUzQmhlaWdodCUyNTNBMTAwJTI1MjUlMjUzQnBvc2l0aW9uJTI1M0FyZWxhdGl2ZSUyNTNCY29sb3IlMjUzQSUyNTIzMDAwJTI1M0J0ZXh0LWRlY29yYXRpb24lMjUzQW5vbmUlMjU3RC50ZXh0JTI1N0Jwb3NpdGlvbiUyNTNBYWJzb2x1dGUlMjUzQnRvcCUyNTNBMjBweCUyNTNCbGVmdCUyNTNBMTVweCUyNTNCcmlnaHQlMjUzQTE1cHglMjUzQmJvdHRvbSUyNTNBMTAwcHglMjU3RC5zdXBwb3J0LXdyYXBwZXIlMjU3Qm92ZXJmbG93JTI1M0FoaWRkZW4lMjUzQm1heC1oZWlnaHQlMjUzQTg2cHglMjU3RC5zdXBwb3J0JTI1N0Jmb250LWZhbWlseSUyNTNBQXJpYWwlMjUyQ3NhbnMlMjUzQmZvbnQtd2VpZ2h0JTI1M0E3MDAlMjUzQmxpbmUtaGVpZ2h0JTI1M0EyOHB4JTI1M0Jmb250LXNpemUlMjUzQTI1cHglMjUzQmNvbG9yJTI1M0ElMjUyMzMzMyUyNTNCdGV4dC1hbGlnbiUyNTNBY2VudGVyJTI1M0JtYXJnaW4lMjUzQTAlMjUzQnBhZGRpbmclMjUzQTAlMjUzQmJhY2tncm91bmQlMjUzQTAlMjUyMDAlMjU3RC53aGVuLXNob3AlMjU3QmZvbnQtZmFtaWx5JTI1M0FBcmlhbCUyNTJDc2FucyUyNTNCZm9udC1zaXplJTI1M0ExNXB4JTI1M0Jmb250LXdlaWdodCUyNTNBNDAwJTI1M0JsaW5lLWhlaWdodCUyNTNBMjVweCUyNTNCY29sb3IlMjUzQSUyNTIzMzMzJTI1M0J0ZXh0LWFsaWduJTI1M0FjZW50ZXIlMjUzQm1hcmdpbiUyNTNBMCUyNTNCcGFkZGluZyUyNTNBMCUyNTNCYmFja2dyb3VuZCUyNTNBMCUyNTIwMCUyNTdELmRvbmF0ZXMlMjU3QmZvbnQtZmFtaWx5JTI1M0FBcmlhbCUyNTJDc2FucyUyNTNCZm9udC1zaXplJTI1M0ExNXB4JTI1M0Jmb250LXdlaWdodCUyNTNBNDAwJTI1M0JsaW5lLWhlaWdodCUyNTNBMjFweCUyNTNCY29sb3IlMjUzQSUyNTIzMzMzJTI1M0J0ZXh0LWFsaWduJTI1M0FjZW50ZXIlMjUzQm1hcmdpbiUyNTNBMCUyNTNCcGFkZGluZyUyNTNBMCUyNTNCYmFja2dyb3VuZCUyNTNBMCUyNTIwMCUyNTdEJTI1M0MlMjUyRnN0eWxlJTI1M0UlMjIlMjklMjklM0IlMjBjb250ZW50cy5kb2N1bWVudC5jbG9zZSUyOCUyOSUzQiUyMGlGcmFtZS5zdHlsZS5kaXNwbGF5JTIwJTNEJTIwJTI3YmxvY2slMjclM0IlN0QlMjklM0IlMjBkb2N1bWVudC5nZXRFbGVtZW50QnlJZCUyOCUyN2Ftem5DaGFyaXR5QmFubmVyJTI3JTI5LmFwcGVuZENoaWxkJTI4aUZyYW1lJTI5JTNCJTIwJTdEJTI5JTI4JTI5JTNCJTIwJTNDJTJGc2NyaXB0JTNFJTNDJTJGZGl2JTNF[\/vc_raw_html][\/vc_column][\/vc_row][vc_row full_width=\u00bbstretch_row\u00bb css=\u00bb.vc_custom_1532809617179{padding-top: 40px !important;background-color: #7cbf49 !important;}\u00bb][vc_column][vc_custom_heading text=\u00bbWe develop the capacities of communities in Puerto Rico to accomplish their social transformation and economic self-sufficiency, stimulating investment in the communities and maximizing the yield of each contribution. Our vision is to be the engine that leads the community\u2019s transformation by increasing community capital.\u00bb font_container=\u00bbtag:h2|text_align:center|color:%23ffffff\u00bb use_theme_fonts=\u00bbyes\u00bb css=\u00bb.vc_custom_1620742423262{padding-bottom: 40px !important;}\u00bb][\/vc_column][\/vc_row][vc_row][vc_column][vc_row_inner][vc_column_inner width=\u00bb1\/2&#8243;][ca_heading_title header_type=\u00bbsmall_large_title\u00bb text_align=\u00bbcenter\u00bb header_style=\u00bbdark\u00bb small_title=\u00bbAcess to water\u00bb large_title=\u00bbStrengthening community aqueducts\u00bb][ca_video video_url=\u00bbhttps:\/\/www.youtube.com\/watch?v=ha8VmpENd7s\u00bb][\/vc_column_inner][vc_column_inner width=\u00bb1\/2&#8243;][ca_heading_title header_type=\u00bbsmall_large_title\u00bb text_align=\u00bbcenter\u00bb header_style=\u00bbdark\u00bb small_title=\u00bb#ProyectoLo\u00edza\u00bb large_title=\u00bbCommunity development\u00bb][vc_column_text]<\/p>\n<h5 style=\"text-align: center;\"><strong>Fundaci\u00f3n Comunitaria is committed to increasing community capital in the municipality of Lo\u00edza.<\/strong><\/h5>\n<p><img loading=\"lazy\" decoding=\"async\" class=\"alignnone size-medium wp-image-9932 aligncenter\" src=\"https:\/\/fcpr.org\/wp-content\/uploads\/2021\/05\/Zinnia-Taller-Salud-300x200.jpg\" alt=\"\" width=\"300\" height=\"200\" srcset=\"https:\/\/www.fcpr.org\/wp-content\/uploads\/2021\/05\/Zinnia-Taller-Salud-300x200.jpg 300w, https:\/\/www.fcpr.org\/wp-content\/uploads\/2021\/05\/Zinnia-Taller-Salud-1024x683.jpg 1024w, https:\/\/www.fcpr.org\/wp-content\/uploads\/2021\/05\/Zinnia-Taller-Salud-768x512.jpg 768w, https:\/\/www.fcpr.org\/wp-content\/uploads\/2021\/05\/Zinnia-Taller-Salud-1536x1024.jpg 1536w, https:\/\/www.fcpr.org\/wp-content\/uploads\/2021\/05\/Zinnia-Taller-Salud-2048x1365.jpg 2048w\" sizes=\"auto, (max-width: 300px) 100vw, 300px\" \/>[\/vc_column_text][vc_btn title=\u00bb<strong>Impact<\/strong>\u00bb color=\u00bbgreen\u00bb align=\u00bbcenter\u00bb link=\u00bburl:https%3A%2F%2Fwww.fcpr.org%2Fwp-content%2Fuploads%2F2015%2F11%2FProjects-in-Loiza-17-feb.pdf|title:Lo%C3%ADza%20&#8243;][\/vc_column_inner][\/vc_row_inner][\/vc_column][\/vc_row][vc_row full_width=\u00bbstretch_row\u00bb css=\u00bb.vc_custom_1532272024643{border-bottom-width: 100px !important;padding-top: 60px !important;background-color: #ffcc00 !important;}\u00bb][vc_column][ca_heading_title header_type=\u00bbsmall_large_title\u00bb text_align=\u00bbcenter\u00bb header_style=\u00bbwhite\u00bb small_title=\u00bbRESPONSE TO EMERGENCIES\u00bb large_title=\u00bbACCESS TO RESOURCES\u00bb][vc_row_inner css=\u00bb.vc_custom_1532217015477{margin-bottom: 40px !important;padding-bottom: 80px !important;}\u00bb][vc_column_inner width=\u00bb1\/3&#8243;][vc_column_text]<\/p>\n<h2 style=\"text-align: center; color: #fff;\"><strong>$802,966<\/strong><\/h2>\n<p style=\"text-align: center; color: #fff;\"><strong>Philanthropic Investment COVID-19<\/strong><\/p>\n<p style=\"text-align: center;\"><strong>Community Response<\/strong><\/p>\n<p style=\"text-align: center;\">Community activation is promoted through non-profit organizations to support coronavirus prevention and containment efforts, mostly concentrated in the elderly population. It is also supporting vulnerable populations due to social isolation measures.<\/p>\n<p>[\/vc_column_text][\/vc_column_inner][vc_column_inner width=\u00bb1\/3&#8243;][vc_column_text]<\/p>\n<h2 style=\"text-align: center; color: #fff;\"><strong>$1,042,608<\/strong><\/h2>\n<p style=\"text-align: center; color: #fff;\"><strong>Philanthropic Investment Seismic Activity<\/strong><\/p>\n<p style=\"text-align: center;\"><strong>Immediate Relief and Recovery\u00a0<\/strong><\/p>\n<p style=\"text-align: center;\">Community organizations were activated and received support from FCPR to offer communities in the southwest area affected by the seismic activity, immediate assistance and access to drinking water, health and housing services, and emotional support (this philanthropic investment includes the contribution of the Fundaci\u00f3n Fondo Fundaci\u00f3n Serrall\u00e9s).<\/p>\n<p>[\/vc_column_text][\/vc_column_inner][vc_column_inner width=\u00bb1\/3&#8243;][vc_column_text]<\/p>\n<h2 style=\"text-align: center; color: #fff;\">$9.8<\/h2>\n<p style=\"text-align: center; color: #fff;\"><strong>Irma and Mar\u00eda <\/strong><strong>Philanthropic Investment<\/strong><\/p>\n<p style=\"text-align: center;\"><strong>Immediate Relief and Sustainable Renovation\u00a0<\/strong><\/p>\n<p style=\"text-align: center;\">Up to September 2019, the amount of grants to nonprofit organizations and individuals, as well as technical assistance and capacity building, ascended to that number, as a result of a strategic and persistent work.<\/p>\n<p>[\/vc_column_text][\/vc_column_inner][\/vc_row_inner][\/vc_column][\/vc_row][vc_row][vc_column][ca_heading_title header_type=\u00bbsmall_large_title\u00bb text_align=\u00bbcenter\u00bb header_style=\u00bbdark\u00bb small_title=\u00bbLives and communities transformed\u00bb large_title=\u00bbYour legacy in the community\u00bb][vc_row_inner css=\u00bb.vc_custom_1532274024796{padding-top: 30px !important;}\u00bb][vc_column_inner width=\u00bb1\/3&#8243;][vc_single_image image=\u00bb6492&#8243; img_size=\u00bbfull\u00bb onclick=\u00bbcustom_link\u00bb link=\u00bbhttps:\/\/fcpr.org\/grants\/\u00bb][vc_column_text]<\/p>\n<p style=\"text-align: center;\"><strong>GRANTS AND SCHOLARSHIPS OPPORTUNITIES<\/strong><\/p>\n<p>Fundaci\u00f3n Comunitaria de Puerto Rico posted periodically grants for nonprofits organizations and scholarships for college students. Please, click <a href=\"https:\/\/fcpr.org\/grants\/\">here<\/a> to learn more.[\/vc_column_text][\/vc_column_inner][vc_column_inner width=\u00bb1\/3&#8243;][vc_single_image image=\u00bb6491&#8243; img_size=\u00bbfull\u00bb onclick=\u00bbcustom_link\u00bb link=\u00bbhttps:\/\/fcpr.org\/community-investment-fund\/\u00bb][vc_column_text]<\/p>\n<p style=\"text-align: center;\"><strong>COMMUNITY INVESTMENT FUND<\/strong><\/p>\n<p>The Community Investment Fund of the FCPR is an innovative finance program that promote access to capital to nonprofits organizations to activate the community economic development. Learn more <a href=\"https:\/\/fcpr.org\/community-investment-fund\/\">here.<\/a>[\/vc_column_text][\/vc_column_inner][vc_column_inner width=\u00bb1\/3&#8243;][vc_single_image image=\u00bb7373&#8243; img_size=\u00bbfull\u00bb onclick=\u00bbcustom_link\u00bb link=\u00bbhttps:\/\/issuu.com\/fundacioncomunitaria\/docs\/informe_anual_fcpr__ingles__web__2017-2018&#8243;][vc_column_text]<\/p>\n<p style=\"text-align: center;\"><strong>\u00a0REPORTS<\/strong><\/p>\n<p>We invite you to learn more about our work after Hurricane Mar\u00eda: <a href=\"https:\/\/issuu.com\/fundacioncomunitaria\/docs\/one_year_after_hurricane_maria_-_tr\"><strong>Sustainable Renovation for Puerto Rico<\/strong>,\u00a0<em>Transparency Report: One Year After Hurricane Mar\u00eda.<\/em><em>\u00a0<\/em><\/a>You can also see <strong><a href=\"https:\/\/issuu.com\/fundacioncomunitaria\/docs\/2do_aniversario__11_dic_2019__web_1?fr=sNDM3YjYxNTcwMA\">Two Years after Hurricane Mar\u00eda<\/a> <\/strong>and ours <strong><a href=\"https:\/\/issuu.com\/fundacioncomunitaria\/docs\/informe_anual_fcpr__ingles__web__2017-2018\">Annual Report 2017-2018 <\/a><\/strong>and <strong><a href=\"https:\/\/secureservercdn.net\/198.71.233.235\/nzm.af5.myftpupload.com\/wp-content\/uploads\/2015\/11\/FCPR-Anuario-2019-20-15-febrero-WEB.pdf\">Informe Anual 2019-2020<\/a><\/strong> (only Spanish).[\/vc_column_text][\/vc_column_inner][\/vc_row_inner][\/vc_column][\/vc_row]<\/p>\n","protected":false},"excerpt":{"rendered":"<p>[vc_row full_width=\u00bbstretch_row\u00bb][vc_column width=\u00bb2\/3&#8243;][vc_column_text css=\u00bb.vc_custom_1641836559149{margin-top: 40px !important;}\u00bb] Connecting donors with their causes\u00a0\u00a0 Fundaci\u00f3n Comunitaria de Puerto Rico has allowed donors to contribute with the development of Puerto Rican communities. Individuals, families, corporations and foundations have found the ideal philanthropic partner in the Foundation, to facilitate their support to the causes that matter to them the most, [&hellip;]<\/p>\n","protected":false},"author":1,"featured_media":6301,"parent":0,"menu_order":0,"comment_status":"closed","ping_status":"closed","template":"template-homepage.php","meta":{"give_campaign_id":0,"footnotes":""},"class_list":["post-7460","page","type-page","status-publish","has-post-thumbnail","hentry"],"yoast_head":"<!-- This site is optimized with the Yoast SEO Premium plugin v27.5 (Yoast SEO v27.5) - https:\/\/yoast.com\/product\/yoast-seo-premium-wordpress\/ -->\n<title>Home - Fundaci\u00f3n Comunitaria de Puerto Rico<\/title>\n<meta name=\"robots\" content=\"index, follow, max-snippet:-1, max-image-preview:large, max-video-preview:-1\" \/>\n<link rel=\"canonical\" href=\"https:\/\/www.fcpr.org\/en\/home\/\" \/>\n<meta property=\"og:locale\" content=\"en_US\" \/>\n<meta property=\"og:type\" content=\"article\" \/>\n<meta property=\"og:title\" content=\"Home\" \/>\n<meta property=\"og:description\" content=\"[vc_row full_width=\u00bbstretch_row\u00bb][vc_column width=\u00bb2\/3&#8243;][vc_column_text css=\u00bb.vc_custom_1641836559149{margin-top: 40px !important;}\u00bb] Connecting donors with their causes\u00a0\u00a0 Fundaci\u00f3n Comunitaria de Puerto Rico has allowed donors to contribute with the development of Puerto Rican communities. Individuals, families, corporations and foundations have found the ideal philanthropic partner in the Foundation, to facilitate their support to the causes that matter to them the most, [&hellip;]\" \/>\n<meta property=\"og:url\" content=\"https:\/\/www.fcpr.org\/en\/home\/\" \/>\n<meta property=\"og:site_name\" content=\"Fundaci\u00f3n Comunitaria de Puerto Rico\" \/>\n<meta property=\"article:publisher\" content=\"https:\/\/www.facebook.com\/FundacionComunitaria\" \/>\n<meta property=\"article:modified_time\" content=\"2022-08-11T15:11:58+00:00\" \/>\n<meta property=\"og:image\" content=\"https:\/\/www.fcpr.org\/wp-content\/uploads\/2019\/08\/mensaje-con-logo-2-crop-4.png\" \/>\n\t<meta property=\"og:image:width\" content=\"2869\" \/>\n\t<meta property=\"og:image:height\" content=\"1497\" \/>\n\t<meta property=\"og:image:type\" content=\"image\/png\" \/>\n<meta name=\"twitter:card\" content=\"summary_large_image\" \/>\n<meta name=\"twitter:site\" content=\"@FComunitaria\" \/>\n<meta name=\"twitter:label1\" content=\"Est. reading time\" \/>\n\t<meta name=\"twitter:data1\" content=\"8 minutes\" \/>\n<script type=\"application\/ld+json\" class=\"yoast-schema-graph\">{\"@context\":\"https:\\\/\\\/schema.org\",\"@graph\":[{\"@type\":\"WebPage\",\"@id\":\"https:\\\/\\\/www.fcpr.org\\\/home\\\/\",\"url\":\"https:\\\/\\\/www.fcpr.org\\\/home\\\/\",\"name\":\"Home - Fundaci\u00f3n Comunitaria de Puerto Rico\",\"isPartOf\":{\"@id\":\"https:\\\/\\\/www.fcpr.org\\\/#website\"},\"primaryImageOfPage\":{\"@id\":\"https:\\\/\\\/www.fcpr.org\\\/home\\\/#primaryimage\"},\"image\":{\"@id\":\"https:\\\/\\\/www.fcpr.org\\\/home\\\/#primaryimage\"},\"thumbnailUrl\":\"https:\\\/\\\/www.fcpr.org\\\/wp-content\\\/uploads\\\/2019\\\/08\\\/mensaje-con-logo-2-crop-4.png\",\"datePublished\":\"2020-03-19T13:31:26+00:00\",\"dateModified\":\"2022-08-11T15:11:58+00:00\",\"breadcrumb\":{\"@id\":\"https:\\\/\\\/www.fcpr.org\\\/home\\\/#breadcrumb\"},\"inLanguage\":\"en-US\",\"potentialAction\":[{\"@type\":\"ReadAction\",\"target\":[\"https:\\\/\\\/www.fcpr.org\\\/home\\\/\"]}]},{\"@type\":\"ImageObject\",\"inLanguage\":\"en-US\",\"@id\":\"https:\\\/\\\/www.fcpr.org\\\/home\\\/#primaryimage\",\"url\":\"https:\\\/\\\/www.fcpr.org\\\/wp-content\\\/uploads\\\/2019\\\/08\\\/mensaje-con-logo-2-crop-4.png\",\"contentUrl\":\"https:\\\/\\\/www.fcpr.org\\\/wp-content\\\/uploads\\\/2019\\\/08\\\/mensaje-con-logo-2-crop-4.png\",\"width\":2869,\"height\":1497},{\"@type\":\"BreadcrumbList\",\"@id\":\"https:\\\/\\\/www.fcpr.org\\\/home\\\/#breadcrumb\",\"itemListElement\":[{\"@type\":\"ListItem\",\"position\":1,\"name\":\"Home\",\"item\":\"https:\\\/\\\/www.fcpr.org\\\/\"},{\"@type\":\"ListItem\",\"position\":2,\"name\":\"Home\"}]},{\"@type\":\"WebSite\",\"@id\":\"https:\\\/\\\/www.fcpr.org\\\/#website\",\"url\":\"https:\\\/\\\/www.fcpr.org\\\/\",\"name\":\"Fundaci\u00f3n Comunitaria de Puerto Rico\",\"description\":\"Fortaleciendo el Capital Comunitario\",\"publisher\":{\"@id\":\"https:\\\/\\\/www.fcpr.org\\\/#organization\"},\"potentialAction\":[{\"@type\":\"SearchAction\",\"target\":{\"@type\":\"EntryPoint\",\"urlTemplate\":\"https:\\\/\\\/www.fcpr.org\\\/?s={search_term_string}\"},\"query-input\":{\"@type\":\"PropertyValueSpecification\",\"valueRequired\":true,\"valueName\":\"search_term_string\"}}],\"inLanguage\":\"en-US\"},{\"@type\":\"Organization\",\"@id\":\"https:\\\/\\\/www.fcpr.org\\\/#organization\",\"name\":\"Fundaci\u00f3n Comunitaria de Puerto Rico\",\"url\":\"https:\\\/\\\/www.fcpr.org\\\/\",\"logo\":{\"@type\":\"ImageObject\",\"inLanguage\":\"en-US\",\"@id\":\"https:\\\/\\\/www.fcpr.org\\\/#\\\/schema\\\/logo\\\/image\\\/\",\"url\":\"https:\\\/\\\/www.fcpr.org\\\/wp-content\\\/uploads\\\/2016\\\/08\\\/logo-corp-red.png\",\"contentUrl\":\"https:\\\/\\\/www.fcpr.org\\\/wp-content\\\/uploads\\\/2016\\\/08\\\/logo-corp-red.png\",\"width\":221,\"height\":32,\"caption\":\"Fundaci\u00f3n Comunitaria de Puerto Rico\"},\"image\":{\"@id\":\"https:\\\/\\\/www.fcpr.org\\\/#\\\/schema\\\/logo\\\/image\\\/\"},\"sameAs\":[\"https:\\\/\\\/www.facebook.com\\\/FundacionComunitaria\",\"https:\\\/\\\/x.com\\\/FComunitaria\",\"https:\\\/\\\/www.instagram.com\\\/fundacioncomunitaria\\\/\",\"https:\\\/\\\/www.youtube.com\\\/channel\\\/UCGGW21eIGw6NRin0BrylmWg\"]}]}<\/script>\n<!-- \/ Yoast SEO Premium plugin. -->","yoast_head_json":{"title":"Home - Fundaci\u00f3n Comunitaria de Puerto Rico","robots":{"index":"index","follow":"follow","max-snippet":"max-snippet:-1","max-image-preview":"max-image-preview:large","max-video-preview":"max-video-preview:-1"},"canonical":"https:\/\/www.fcpr.org\/en\/home\/","og_locale":"en_US","og_type":"article","og_title":"Home","og_description":"[vc_row full_width=\u00bbstretch_row\u00bb][vc_column width=\u00bb2\/3&#8243;][vc_column_text css=\u00bb.vc_custom_1641836559149{margin-top: 40px !important;}\u00bb] Connecting donors with their causes\u00a0\u00a0 Fundaci\u00f3n Comunitaria de Puerto Rico has allowed donors to contribute with the development of Puerto Rican communities. Individuals, families, corporations and foundations have found the ideal philanthropic partner in the Foundation, to facilitate their support to the causes that matter to them the most, [&hellip;]","og_url":"https:\/\/www.fcpr.org\/en\/home\/","og_site_name":"Fundaci\u00f3n Comunitaria de Puerto Rico","article_publisher":"https:\/\/www.facebook.com\/FundacionComunitaria","article_modified_time":"2022-08-11T15:11:58+00:00","og_image":[{"width":2869,"height":1497,"url":"https:\/\/www.fcpr.org\/wp-content\/uploads\/2019\/08\/mensaje-con-logo-2-crop-4.png","type":"image\/png"}],"twitter_card":"summary_large_image","twitter_site":"@FComunitaria","twitter_misc":{"Est. reading time":"8 minutes"},"schema":{"@context":"https:\/\/schema.org","@graph":[{"@type":"WebPage","@id":"https:\/\/www.fcpr.org\/home\/","url":"https:\/\/www.fcpr.org\/home\/","name":"Home - Fundaci\u00f3n Comunitaria de Puerto Rico","isPartOf":{"@id":"https:\/\/www.fcpr.org\/#website"},"primaryImageOfPage":{"@id":"https:\/\/www.fcpr.org\/home\/#primaryimage"},"image":{"@id":"https:\/\/www.fcpr.org\/home\/#primaryimage"},"thumbnailUrl":"https:\/\/www.fcpr.org\/wp-content\/uploads\/2019\/08\/mensaje-con-logo-2-crop-4.png","datePublished":"2020-03-19T13:31:26+00:00","dateModified":"2022-08-11T15:11:58+00:00","breadcrumb":{"@id":"https:\/\/www.fcpr.org\/home\/#breadcrumb"},"inLanguage":"en-US","potentialAction":[{"@type":"ReadAction","target":["https:\/\/www.fcpr.org\/home\/"]}]},{"@type":"ImageObject","inLanguage":"en-US","@id":"https:\/\/www.fcpr.org\/home\/#primaryimage","url":"https:\/\/www.fcpr.org\/wp-content\/uploads\/2019\/08\/mensaje-con-logo-2-crop-4.png","contentUrl":"https:\/\/www.fcpr.org\/wp-content\/uploads\/2019\/08\/mensaje-con-logo-2-crop-4.png","width":2869,"height":1497},{"@type":"BreadcrumbList","@id":"https:\/\/www.fcpr.org\/home\/#breadcrumb","itemListElement":[{"@type":"ListItem","position":1,"name":"Home","item":"https:\/\/www.fcpr.org\/"},{"@type":"ListItem","position":2,"name":"Home"}]},{"@type":"WebSite","@id":"https:\/\/www.fcpr.org\/#website","url":"https:\/\/www.fcpr.org\/","name":"Puerto Rico Community Foundation","description":"Strengthening Community Capital","publisher":{"@id":"https:\/\/www.fcpr.org\/#organization"},"potentialAction":[{"@type":"SearchAction","target":{"@type":"EntryPoint","urlTemplate":"https:\/\/www.fcpr.org\/?s={search_term_string}"},"query-input":{"@type":"PropertyValueSpecification","valueRequired":true,"valueName":"search_term_string"}}],"inLanguage":"en-US"},{"@type":"Organization","@id":"https:\/\/www.fcpr.org\/#organization","name":"Puerto Rico Community Foundation","url":"https:\/\/www.fcpr.org\/","logo":{"@type":"ImageObject","inLanguage":"en-US","@id":"https:\/\/www.fcpr.org\/#\/schema\/logo\/image\/","url":"https:\/\/www.fcpr.org\/wp-content\/uploads\/2016\/08\/logo-corp-red.png","contentUrl":"https:\/\/www.fcpr.org\/wp-content\/uploads\/2016\/08\/logo-corp-red.png","width":221,"height":32,"caption":"Fundaci\u00f3n Comunitaria de Puerto Rico"},"image":{"@id":"https:\/\/www.fcpr.org\/#\/schema\/logo\/image\/"},"sameAs":["https:\/\/www.facebook.com\/FundacionComunitaria","https:\/\/x.com\/FComunitaria","https:\/\/www.instagram.com\/fundacioncomunitaria\/","https:\/\/www.youtube.com\/channel\/UCGGW21eIGw6NRin0BrylmWg"]}]}},"campaignId":"","_links":{"self":[{"href":"https:\/\/www.fcpr.org\/en\/wp-json\/wp\/v2\/pages\/7460","targetHints":{"allow":["GET"]}}],"collection":[{"href":"https:\/\/www.fcpr.org\/en\/wp-json\/wp\/v2\/pages"}],"about":[{"href":"https:\/\/www.fcpr.org\/en\/wp-json\/wp\/v2\/types\/page"}],"author":[{"embeddable":true,"href":"https:\/\/www.fcpr.org\/en\/wp-json\/wp\/v2\/users\/1"}],"replies":[{"embeddable":true,"href":"https:\/\/www.fcpr.org\/en\/wp-json\/wp\/v2\/comments?post=7460"}],"version-history":[{"count":176,"href":"https:\/\/www.fcpr.org\/en\/wp-json\/wp\/v2\/pages\/7460\/revisions"}],"predecessor-version":[{"id":11632,"href":"https:\/\/www.fcpr.org\/en\/wp-json\/wp\/v2\/pages\/7460\/revisions\/11632"}],"wp:featuredmedia":[{"embeddable":true,"href":"https:\/\/www.fcpr.org\/en\/wp-json\/wp\/v2\/media\/6301"}],"wp:attachment":[{"href":"https:\/\/www.fcpr.org\/en\/wp-json\/wp\/v2\/media?parent=7460"}],"curies":[{"name":"wp","href":"https:\/\/api.w.org\/{rel}","templated":true}]}}